{"id":386,"date":"2022-07-19T12:39:15","date_gmt":"2022-07-19T10:39:15","guid":{"rendered":"https:\/\/attducey-avranches.fr\/?page_id=386"},"modified":"2022-10-17T14:25:41","modified_gmt":"2022-10-17T12:25:41","slug":"criterium-federal-n2-ducey","status":"publish","type":"page","link":"https:\/\/attducey-avranches.fr\/index.php\/organisations\/criterium-federal-n2-ducey\/","title":{"rendered":"Crit\u00e9rium F\u00e9d\u00e9ral N2 Ducey &#8211; 1er tour 2022-2023"},"content":{"rendered":"\n<p class=\"has-secondary-color has-text-color\">Le 1er tour du Crit\u00e9rium F\u00e9d\u00e9ral N2 (zone 6) se d\u00e9roule les 15 et 16 octobre 2022 \u00e0 Ducey-Les Ch\u00e9ris (50).<\/p>\n\n\n\n<figure class=\"wp-block-image size-full\"><img loading=\"lazy\" decoding=\"async\" width=\"581\" height=\"827\" src=\"https:\/\/attducey-avranches.fr\/wp-content\/uploads\/2022\/10\/Affiche.jpg\" alt=\"\" class=\"wp-image-495\" srcset=\"https:\/\/attducey-avranches.fr\/wp-content\/uploads\/2022\/10\/Affiche.jpg 581w, https:\/\/attducey-avranches.fr\/wp-content\/uploads\/2022\/10\/Affiche-211x300.jpg 211w\" sizes=\"auto, (max-width: 581px) 100vw, 581px\" \/><\/figure>\n\n\n\n<p class=\"has-secondary-color has-text-color\">Vous trouverez ci-apr\u00e8s l\u2019ensemble des documents utiles pour le suivi de la comp\u00e9tition.<\/p>\n\n\n\n<ul class=\"has-secondary-color has-text-color wp-block-list\"><li>Convocation et horaire g\u00e9n\u00e9ral au format <mark style=\"background-color:rgba(0, 0, 0, 0)\" class=\"has-inline-color has-secondary-color\"><a rel=\"noreferrer noopener\" href=\"https:\/\/attducey-avranches.fr\/wp-content\/uploads\/2022\/10\/convoc.jpg\" target=\"_blank\">PDF<\/a><\/mark><\/li><li>Liste des joueurs -15, -13 et -11 (samedi) en <mark style=\"background-color:rgba(0, 0, 0, 0)\" class=\"has-inline-color has-secondary-color\"><a rel=\"noreferrer noopener\" href=\"https:\/\/attducey-avranches.fr\/wp-content\/uploads\/2022\/07\/cf_n2_zone6_tour_4_samedi.pdf\" target=\"_blank\">PDF<\/a><\/mark><\/li><li>Liste des joueurs -18 et \u00c9lites (dimanche) en <mark style=\"background-color:rgba(0, 0, 0, 0)\" class=\"has-inline-color has-secondary-color\"><a href=\"https:\/\/attducey-avranches.fr\/wp-content\/uploads\/2022\/10\/cf_n2_zone6_tour_1_dimanche_v3.pdf\">PDF<\/a><\/mark><\/li><li>Liste des h\u00f4tels en <a href=\"https:\/\/attducey-avranches.fr\/wp-content\/uploads\/2022\/10\/Hotels-Ducey-2022-.pdf\" target=\"_blank\" rel=\"noreferrer noopener\">PDF<\/a><\/li><\/ul>\n\n\n\n<figure class=\"wp-block-gallery has-nested-images columns-default is-cropped wp-block-gallery-1 is-layout-flex wp-block-gallery-is-layout-flex\">\n<figure class=\"wp-block-image size-full\"><img loading=\"lazy\" decoding=\"async\" width=\"400\" height=\"300\" data-id=\"11\" src=\"https:\/\/attducey-avranches.fr\/wp-content\/uploads\/2022\/06\/Complexe_Rene_Hardy_Ducey_Les_Cheris_2_web.jpg\" alt=\"\" class=\"wp-image-11\" srcset=\"https:\/\/attducey-avranches.fr\/wp-content\/uploads\/2022\/06\/Complexe_Rene_Hardy_Ducey_Les_Cheris_2_web.jpg 400w, https:\/\/attducey-avranches.fr\/wp-content\/uploads\/2022\/06\/Complexe_Rene_Hardy_Ducey_Les_Cheris_2_web-300x225.jpg 300w\" sizes=\"auto, (max-width: 400px) 100vw, 400px\" \/><figcaption>Gymnase Ren\u00e9 Hardy<\/figcaption><\/figure>\n\n\n\n<figure class=\"wp-block-image size-full\"><img loading=\"lazy\" decoding=\"async\" width=\"960\" height=\"720\" data-id=\"7\" src=\"https:\/\/attducey-avranches.fr\/wp-content\/uploads\/2022\/06\/photo-gymnase.jpg\" alt=\"\" class=\"wp-image-7\" srcset=\"https:\/\/attducey-avranches.fr\/wp-content\/uploads\/2022\/06\/photo-gymnase.jpg 960w, https:\/\/attducey-avranches.fr\/wp-content\/uploads\/2022\/06\/photo-gymnase-300x225.jpg 300w, https:\/\/attducey-avranches.fr\/wp-content\/uploads\/2022\/06\/photo-gymnase-768x576.jpg 768w\" sizes=\"auto, (max-width: 960px) 100vw, 960px\" \/><figcaption>Salle principale<\/figcaption><\/figure>\n\n\n\n<figure class=\"wp-block-image size-large\"><img loading=\"lazy\" decoding=\"async\" width=\"1024\" height=\"576\" data-id=\"6\" src=\"https:\/\/attducey-avranches.fr\/wp-content\/uploads\/2022\/06\/facebook_1655466206098_69435285301055785501689-1024x576.jpg\" alt=\"\" class=\"wp-image-6\" srcset=\"https:\/\/attducey-avranches.fr\/wp-content\/uploads\/2022\/06\/facebook_1655466206098_69435285301055785501689-1024x576.jpg 1024w, https:\/\/attducey-avranches.fr\/wp-content\/uploads\/2022\/06\/facebook_1655466206098_69435285301055785501689-300x169.jpg 300w, https:\/\/attducey-avranches.fr\/wp-content\/uploads\/2022\/06\/facebook_1655466206098_69435285301055785501689-768x432.jpg 768w, https:\/\/attducey-avranches.fr\/wp-content\/uploads\/2022\/06\/facebook_1655466206098_69435285301055785501689.jpg 1080w\" sizes=\"auto, (max-width: 1024px) 100vw, 1024px\" \/><figcaption>Salle secondaire<\/figcaption><\/figure>\n<\/figure>\n\n\n\n<p><\/p>\n\n\n\n<h2 class=\"has-secondary-color has-text-color wp-block-heading\">Les poules et les tableaux<\/h2>\n\n\n\n<h4 class=\"has-background-color has-text-color wp-block-heading\">Hommes<\/h4>\n\n\n\n<p class=\"has-background-color has-text-color\">-11 : <a rel=\"noreferrer noopener\" href=\"https:\/\/attducey-avranches.fr\/wp-content\/uploads\/2022\/10\/Benjamins.pdf\" target=\"_blank\">Poules<\/a> &#8211; <a rel=\"noreferrer noopener\" href=\"https:\/\/attducey-avranches.fr\/wp-content\/uploads\/2022\/10\/Resultats-Tableau-Benjamins.pdf\" target=\"_blank\">Tableau<\/a> &#8211; <a href=\"https:\/\/attducey-avranches.fr\/wp-content\/uploads\/2022\/10\/Benjamins-H-rotated.jpg\" target=\"_blank\" rel=\"noreferrer noopener\">Podium<\/a><\/p>\n\n\n\n<p class=\"has-background-color has-text-color\">-13 : <a rel=\"noreferrer noopener\" href=\"https:\/\/attducey-avranches.fr\/wp-content\/uploads\/2022\/10\/Minimes-Garcons.pdf\" target=\"_blank\">Poules<\/a> &#8211; <a rel=\"noreferrer noopener\" href=\"https:\/\/attducey-avranches.fr\/wp-content\/uploads\/2022\/10\/Resultats-Tableau-Minimes-Garcons.pdf\" target=\"_blank\">Tableau<\/a> &#8211; <a href=\"https:\/\/attducey-avranches.fr\/wp-content\/uploads\/2022\/10\/Minimes-G.jpg\" target=\"_blank\" rel=\"noreferrer noopener\">Podium<\/a><\/p>\n\n\n\n<p class=\"has-background-color has-text-color\">-15 : <a rel=\"noreferrer noopener\" href=\"https:\/\/attducey-avranches.fr\/wp-content\/uploads\/2022\/10\/Cadets.pdf\" target=\"_blank\">Poules<\/a> &#8211; <a rel=\"noreferrer noopener\" href=\"https:\/\/attducey-avranches.fr\/wp-content\/uploads\/2022\/10\/Resultats-Tableau-Cadets.pdf\" target=\"_blank\">Tableau<\/a> &#8211; <a href=\"https:\/\/attducey-avranches.fr\/wp-content\/uploads\/2022\/10\/Cadets-H-rotated.jpg\" target=\"_blank\" rel=\"noreferrer noopener\">Podium<\/a><\/p>\n\n\n\n<p class=\"has-background-color has-text-color\">-18 : <a rel=\"noreferrer noopener\" href=\"https:\/\/attducey-avranches.fr\/wp-content\/uploads\/2022\/10\/Resultats-Poules-Juniors-Garcons.pdf\" target=\"_blank\">Poules<\/a> &#8211; <a href=\"https:\/\/attducey-avranches.fr\/wp-content\/uploads\/2022\/10\/Resultats-Tableau-Juniors-Garcons.pdf\" target=\"_blank\" rel=\"noreferrer noopener\">Tableau<\/a><\/p>\n\n\n\n<p class=\"has-background-color has-text-color\">Elite : <a rel=\"noreferrer noopener\" href=\"https:\/\/attducey-avranches.fr\/wp-content\/uploads\/2022\/10\/Resultats-Poules-Seniors-Garcons.pdf\" target=\"_blank\">Poules<\/a> &#8211; <a href=\"https:\/\/attducey-avranches.fr\/wp-content\/uploads\/2022\/10\/Resultats-Tableau-Seniors-Messieurs.pdf\" target=\"_blank\" rel=\"noreferrer noopener\">Tableau<\/a><\/p>\n\n\n\n<h4 class=\"has-background-color has-text-color wp-block-heading\">Femmes<\/h4>\n\n\n\n<p>-11 : <a rel=\"noreferrer noopener\" href=\"https:\/\/attducey-avranches.fr\/wp-content\/uploads\/2022\/10\/Benjamines.pdf\" target=\"_blank\">Poules<\/a> &#8211; <a rel=\"noreferrer noopener\" href=\"https:\/\/attducey-avranches.fr\/wp-content\/uploads\/2022\/10\/Resultats-Tableau-Benjamines.pdf\" target=\"_blank\">Tableau<\/a> &#8211; <a href=\"https:\/\/attducey-avranches.fr\/wp-content\/uploads\/2022\/10\/Benjamines-F.jpg\" target=\"_blank\" rel=\"noreferrer noopener\">Podium<\/a><\/p>\n\n\n\n<p>-13 : <a rel=\"noreferrer noopener\" href=\"https:\/\/attducey-avranches.fr\/wp-content\/uploads\/2022\/10\/Minimes-Filles.pdf\" target=\"_blank\">Poules<\/a> &#8211; <a rel=\"noreferrer noopener\" href=\"https:\/\/attducey-avranches.fr\/wp-content\/uploads\/2022\/10\/Resultats-Tableau-Minimes-Filles.pdf\" target=\"_blank\">Tableau<\/a> &#8211; <a href=\"https:\/\/attducey-avranches.fr\/wp-content\/uploads\/2022\/10\/Minimes-F-rotated.jpg\" target=\"_blank\" rel=\"noreferrer noopener\">Podium<\/a><\/p>\n\n\n\n<p>-15 : <a rel=\"noreferrer noopener\" href=\"https:\/\/attducey-avranches.fr\/wp-content\/uploads\/2022\/10\/Cadettes.pdf\" target=\"_blank\">Poules<\/a> &#8211; <a rel=\"noreferrer noopener\" href=\"https:\/\/attducey-avranches.fr\/wp-content\/uploads\/2022\/10\/Resultats-Tableau-Cadettes.pdf\" target=\"_blank\">Tableau<\/a> &#8211; <a href=\"https:\/\/attducey-avranches.fr\/wp-content\/uploads\/2022\/10\/Cadettes-F-rotated.jpg\" target=\"_blank\" rel=\"noreferrer noopener\">Podium<\/a><\/p>\n\n\n\n<p>-18 : <a rel=\"noreferrer noopener\" href=\"https:\/\/attducey-avranches.fr\/wp-content\/uploads\/2022\/10\/Resultats-Poules-Juniors-Filles.pdf\" target=\"_blank\">Poules<\/a> &#8211; <a href=\"https:\/\/attducey-avranches.fr\/wp-content\/uploads\/2022\/10\/Resultats-Tableau-Juniors-Filles.pdf\" target=\"_blank\" rel=\"noreferrer noopener\">Tableau<\/a><\/p>\n\n\n\n<p>Elite : <a rel=\"noreferrer noopener\" href=\"https:\/\/attducey-avranches.fr\/wp-content\/uploads\/2022\/10\/Resultats-Poules-Seniors-Messieurs.pdf\" target=\"_blank\">Poules<\/a> &#8211; <a href=\"https:\/\/attducey-avranches.fr\/wp-content\/uploads\/2022\/10\/Resultats-Tableau-Seniors-Dames.pdf\" target=\"_blank\" rel=\"noreferrer noopener\">Tableau<\/a><\/p>\n\n\n\n<figure class=\"wp-block-gallery has-nested-images columns-default is-cropped wp-block-gallery-2 is-layout-flex wp-block-gallery-is-layout-flex\">\n<figure class=\"wp-block-image size-large\"><img loading=\"lazy\" decoding=\"async\" width=\"1134\" height=\"2016\" data-id=\"659\" src=\"https:\/\/attducey-avranches.fr\/wp-content\/uploads\/2022\/10\/20221015_163818-rotated.jpg\" alt=\"\" class=\"wp-image-659\" srcset=\"https:\/\/attducey-avranches.fr\/wp-content\/uploads\/2022\/10\/20221015_163818-rotated.jpg 1134w, https:\/\/attducey-avranches.fr\/wp-content\/uploads\/2022\/10\/20221015_163818-169x300.jpg 169w, https:\/\/attducey-avranches.fr\/wp-content\/uploads\/2022\/10\/20221015_163818-576x1024.jpg 576w, https:\/\/attducey-avranches.fr\/wp-content\/uploads\/2022\/10\/20221015_163818-768x1365.jpg 768w, https:\/\/attducey-avranches.fr\/wp-content\/uploads\/2022\/10\/20221015_163818-864x1536.jpg 864w\" sizes=\"auto, (max-width: 1134px) 100vw, 1134px\" \/><figcaption>Benjamins-Minimes-Cadets<\/figcaption><\/figure>\n\n\n\n<figure class=\"wp-block-image size-large\"><img loading=\"lazy\" decoding=\"async\" width=\"1134\" height=\"2016\" data-id=\"658\" src=\"https:\/\/attducey-avranches.fr\/wp-content\/uploads\/2022\/10\/20221016_095441-rotated.jpg\" alt=\"\" class=\"wp-image-658\" srcset=\"https:\/\/attducey-avranches.fr\/wp-content\/uploads\/2022\/10\/20221016_095441-rotated.jpg 1134w, https:\/\/attducey-avranches.fr\/wp-content\/uploads\/2022\/10\/20221016_095441-169x300.jpg 169w, https:\/\/attducey-avranches.fr\/wp-content\/uploads\/2022\/10\/20221016_095441-576x1024.jpg 576w, https:\/\/attducey-avranches.fr\/wp-content\/uploads\/2022\/10\/20221016_095441-768x1365.jpg 768w, https:\/\/attducey-avranches.fr\/wp-content\/uploads\/2022\/10\/20221016_095441-864x1536.jpg 864w\" sizes=\"auto, (max-width: 1134px) 100vw, 1134px\" \/><figcaption>Juniors-S\u00e9niors<\/figcaption><\/figure>\n\n\n\n<figure class=\"wp-block-image size-large\"><img loading=\"lazy\" decoding=\"async\" width=\"1134\" height=\"2016\" data-id=\"657\" src=\"https:\/\/attducey-avranches.fr\/wp-content\/uploads\/2022\/10\/20221015_202113-rotated.jpg\" alt=\"\" class=\"wp-image-657\" srcset=\"https:\/\/attducey-avranches.fr\/wp-content\/uploads\/2022\/10\/20221015_202113-rotated.jpg 1134w, https:\/\/attducey-avranches.fr\/wp-content\/uploads\/2022\/10\/20221015_202113-169x300.jpg 169w, https:\/\/attducey-avranches.fr\/wp-content\/uploads\/2022\/10\/20221015_202113-576x1024.jpg 576w, https:\/\/attducey-avranches.fr\/wp-content\/uploads\/2022\/10\/20221015_202113-768x1365.jpg 768w, https:\/\/attducey-avranches.fr\/wp-content\/uploads\/2022\/10\/20221015_202113-864x1536.jpg 864w\" sizes=\"auto, (max-width: 1134px) 100vw, 1134px\" \/><figcaption>Arbitres de la comp\u00e9tition<\/figcaption><\/figure>\n<\/figure>\n","protected":false},"excerpt":{"rendered":"<p>Le 1er tour du Crit\u00e9rium F\u00e9d\u00e9ral N2 (zone 6) se d\u00e9roule les 15 et 16 octobre 2022 \u00e0 Ducey-Les Ch\u00e9ris (50). Vous trouverez ci-apr\u00e8s l\u2019ensemble des documents utiles pour le suivi de la comp\u00e9tition. Convocation et horaire g\u00e9n\u00e9ral au format PDF Liste des joueurs -15, -13 et -11 (samedi) en PDF Liste des joueurs -18 [&hellip;]<\/p>\n","protected":false},"author":2,"featured_media":0,"parent":312,"menu_order":3,"comment_status":"closed","ping_status":"closed","template":"","meta":{"footnotes":""},"class_list":["post-386","page","type-page","status-publish","hentry"],"jetpack-related-posts":[{"id":274,"url":"https:\/\/attducey-avranches.fr\/index.php\/competitions\/resultats-criterium-federal-et-circuit-jeunes\/","url_meta":{"origin":386,"position":0},"title":"Crit\u00e9rium F\u00e9d\u00e9ral \/ Circuit jeunes","author":"J\u00e9r\u00e9my Gloria","date":"15 juillet 2022","format":false,"excerpt":"Crit\u00e9rium F\u00e9d\u00e9ral R\u00e9sultats du 2\u00e8me tour du Crit\u00e9rium F\u00e9d\u00e9ral disput\u00e9s ce week-end par les 30 joueurs de l'ATT engag\u00e9s ! R\u00e9gionale Minimes au Havre (76) Aristide ROC : 5\u00e8me Rapha\u00ebl RUEN : 11\u00e8me Une seule d\u00e9faite en 1\/4 pour Aristide contre N. Daleau, sa b\u00eate noire. Belle journ\u00e9e pour Rapha\u00ebl\u2026","rel":"","context":"Article similaire","block_context":{"text":"Article similaire","link":""},"img":{"alt_text":"","src":"https:\/\/i0.wp.com\/attducey-avranches.fr\/wp-content\/uploads\/2025\/11\/589412539_4146203838979670_8783073855463419709_n.jpg?resize=350%2C200&ssl=1","width":350,"height":200,"srcset":"https:\/\/i0.wp.com\/attducey-avranches.fr\/wp-content\/uploads\/2025\/11\/589412539_4146203838979670_8783073855463419709_n.jpg?resize=350%2C200&ssl=1 1x, https:\/\/i0.wp.com\/attducey-avranches.fr\/wp-content\/uploads\/2025\/11\/589412539_4146203838979670_8783073855463419709_n.jpg?resize=525%2C300&ssl=1 1.5x, https:\/\/i0.wp.com\/attducey-avranches.fr\/wp-content\/uploads\/2025\/11\/589412539_4146203838979670_8783073855463419709_n.jpg?resize=700%2C400&ssl=1 2x, https:\/\/i0.wp.com\/attducey-avranches.fr\/wp-content\/uploads\/2025\/11\/589412539_4146203838979670_8783073855463419709_n.jpg?resize=1050%2C600&ssl=1 3x, https:\/\/i0.wp.com\/attducey-avranches.fr\/wp-content\/uploads\/2025\/11\/589412539_4146203838979670_8783073855463419709_n.jpg?resize=1400%2C800&ssl=1 4x"},"classes":[]},{"id":16,"url":"https:\/\/attducey-avranches.fr\/index.php\/infos-pratiques\/347-2\/finales-federales-par-classement\/","url_meta":{"origin":386,"position":1},"title":"Finales f\u00e9d\u00e9rales par classement 2022","author":"J\u00e9r\u00e9my Gloria","date":"22 juin 2022","format":false,"excerpt":"Les finales f\u00e9d\u00e9rales par classement se sont d\u00e9roul\u00e9es les 25 et 26 juin 2022 \u00e0 Ducey-Les Ch\u00e9ris (50). Vous trouverez ci-apr\u00e8s l'ensemble des documents utiles pour le suivi de la comp\u00e9tition. Listes des joueurs au format Excel L'horaire g\u00e9n\u00e9ral de la comp\u00e9tition en PDFLe dossier d'accueil Ducey les Ch\u00e9ris en\u2026","rel":"","context":"Article similaire","block_context":{"text":"Article similaire","link":""},"img":{"alt_text":"","src":"https:\/\/i0.wp.com\/attducey-avranches.fr\/wp-content\/uploads\/2022\/06\/facebook_1655466206098_69435285301055785501689-150x150.jpg?resize=350%2C200&ssl=1","width":350,"height":200,"srcset":"https:\/\/i0.wp.com\/attducey-avranches.fr\/wp-content\/uploads\/2022\/06\/facebook_1655466206098_69435285301055785501689-150x150.jpg?resize=350%2C200&ssl=1 1x, https:\/\/i0.wp.com\/attducey-avranches.fr\/wp-content\/uploads\/2022\/06\/facebook_1655466206098_69435285301055785501689-150x150.jpg?resize=525%2C300&ssl=1 1.5x, https:\/\/i0.wp.com\/attducey-avranches.fr\/wp-content\/uploads\/2022\/06\/facebook_1655466206098_69435285301055785501689-150x150.jpg?resize=700%2C400&ssl=1 2x, https:\/\/i0.wp.com\/attducey-avranches.fr\/wp-content\/uploads\/2022\/06\/facebook_1655466206098_69435285301055785501689-150x150.jpg?resize=1050%2C600&ssl=1 3x"},"classes":[]},{"id":751,"url":"https:\/\/attducey-avranches.fr\/index.php\/archives\/saison-2022-2023\/","url_meta":{"origin":386,"position":2},"title":"Saison 2022-2023","author":"J\u00e9r\u00e9my Gloria","date":"8 septembre 2023","format":false,"excerpt":"Les compos de l'\u00e9poque equipes 2022-2023 P1T\u00e9l\u00e9charger equipes 2022-2023 P2T\u00e9l\u00e9charger Les stats de l'\u00e9poque Stats 2022-2023T\u00e9l\u00e9charger ProgressionsT\u00e9l\u00e9charger PerfsT\u00e9l\u00e9charger Invincibilit\u00e9T\u00e9l\u00e9charger Les r\u00e9sultats individuels de l'\u00e9poque R\u00e9sultats CF CircuitT\u00e9l\u00e9charger On avait pas chom\u00e9... On avait parl\u00e9 de nous... Actu'Ping 50 - Crit\u00e9rium F\u00e9d\u00e9ral - 15 octobre 2022T\u00e9l\u00e9charger","rel":"","context":"Article similaire","block_context":{"text":"Article similaire","link":""},"img":{"alt_text":"","src":"https:\/\/i0.wp.com\/attducey-avranches.fr\/wp-content\/uploads\/2022\/10\/Affiche.jpg?resize=350%2C200&ssl=1","width":350,"height":200,"srcset":"https:\/\/i0.wp.com\/attducey-avranches.fr\/wp-content\/uploads\/2022\/10\/Affiche.jpg?resize=350%2C200&ssl=1 1x, https:\/\/i0.wp.com\/attducey-avranches.fr\/wp-content\/uploads\/2022\/10\/Affiche.jpg?resize=525%2C300&ssl=1 1.5x"},"classes":[]},{"id":305,"url":"https:\/\/attducey-avranches.fr\/index.php\/organisations\/tournoi-national-ducey-2022\/","url_meta":{"origin":386,"position":3},"title":"Tournoi National Ducey 2026","author":"J\u00e9r\u00e9my Gloria","date":"15 juillet 2022","format":false,"excerpt":"La 48e \u00e9dition du Tournoi National de Ducey s'est d\u00e9roul\u00e9 le Vendredi 1er Mai 2026 \u00e0 Ducey-Les Ch\u00e9ris (50) Vous trouverez ci-apr\u00e8s l'ensemble des documents utiles pour le suivi de la comp\u00e9tition. Le r\u00e8glement du tournoi avec les dotations par tableau en PDF La feuille d'inscriptions en PDF La liste\u2026","rel":"","context":"Article similaire","block_context":{"text":"Article similaire","link":""},"img":{"alt_text":"","src":"https:\/\/i0.wp.com\/attducey-avranches.fr\/wp-content\/uploads\/2026\/02\/affiche-tournoi-2026-version-2.jpg?resize=350%2C200&ssl=1","width":350,"height":200,"srcset":"https:\/\/i0.wp.com\/attducey-avranches.fr\/wp-content\/uploads\/2026\/02\/affiche-tournoi-2026-version-2.jpg?resize=350%2C200&ssl=1 1x, https:\/\/i0.wp.com\/attducey-avranches.fr\/wp-content\/uploads\/2026\/02\/affiche-tournoi-2026-version-2.jpg?resize=525%2C300&ssl=1 1.5x, https:\/\/i0.wp.com\/attducey-avranches.fr\/wp-content\/uploads\/2026\/02\/affiche-tournoi-2026-version-2.jpg?resize=700%2C400&ssl=1 2x, https:\/\/i0.wp.com\/attducey-avranches.fr\/wp-content\/uploads\/2026\/02\/affiche-tournoi-2026-version-2.jpg?resize=1050%2C600&ssl=1 3x"},"classes":[]},{"id":219,"url":"https:\/\/attducey-avranches.fr\/index.php\/entrainements\/","url_meta":{"origin":386,"position":4},"title":"ENTRAINEMENTS","author":"J\u00e9r\u00e9my Gloria","date":"13 juillet 2022","format":false,"excerpt":"Les cr\u00e9neaux d'entra\u00eenements ont lieu dans 3 salles diff\u00e9rentes : Salle du Lyc\u00e9e Littr\u00e9 situ\u00e9 Bd Pasteur \u00e0 Avranches Gymnase Ren\u00e9 Hardy situ\u00e9 42 Rue Boishue \u00e0 Ducey Salle de Tennis de Table situ\u00e9 Rue du midi \u00e0 Ducey G Gymnase Ren\u00e9 Hardy de Ducey Les s\u00e9ances sont dispens\u00e9s par\u2026","rel":"","context":"Article similaire","block_context":{"text":"Article similaire","link":""},"img":{"alt_text":"","src":"https:\/\/i0.wp.com\/attducey-avranches.fr\/wp-content\/uploads\/2022\/06\/photo-gymnase.jpg?resize=350%2C200&ssl=1","width":350,"height":200,"srcset":"https:\/\/i0.wp.com\/attducey-avranches.fr\/wp-content\/uploads\/2022\/06\/photo-gymnase.jpg?resize=350%2C200&ssl=1 1x, https:\/\/i0.wp.com\/attducey-avranches.fr\/wp-content\/uploads\/2022\/06\/photo-gymnase.jpg?resize=525%2C300&ssl=1 1.5x, https:\/\/i0.wp.com\/attducey-avranches.fr\/wp-content\/uploads\/2022\/06\/photo-gymnase.jpg?resize=700%2C400&ssl=1 2x"},"classes":[]},{"id":356,"url":"https:\/\/attducey-avranches.fr\/index.php\/infos-pratiques\/356-2\/","url_meta":{"origin":386,"position":5},"title":"Merci \u00e0 nos soutiens !","author":"J\u00e9r\u00e9my Gloria","date":"18 juillet 2022","format":false,"excerpt":"MERCI A NOS SOUTIENS ! YY Les partenaires priv\u00e9s Partenaire mat\u00e9riel TT YY Partenaires boissons YY Partenaires consommables lors des manifestations YY Partenaire maillots (championnat par \u00e9quipes adultes et jeunes en comp\u00e9titions) YY Partenaire maillots (championnat par \u00e9quipes adultes) YY Partenaire sonorisation lors des manifestations YY Partenaire maillot jeunes et\u2026","rel":"","context":"Article similaire","block_context":{"text":"Article similaire","link":""},"img":{"alt_text":"","src":"https:\/\/i0.wp.com\/attducey-avranches.fr\/wp-content\/uploads\/2022\/07\/logo-fftt-150x150.png?resize=350%2C200&ssl=1","width":350,"height":200},"classes":[]}],"jetpack_sharing_enabled":true,"_links":{"self":[{"href":"https:\/\/attducey-avranches.fr\/index.php\/wp-json\/wp\/v2\/pages\/386","targetHints":{"allow":["GET"]}}],"collection":[{"href":"https:\/\/attducey-avranches.fr\/index.php\/wp-json\/wp\/v2\/pages"}],"about":[{"href":"https:\/\/attducey-avranches.fr\/index.php\/wp-json\/wp\/v2\/types\/page"}],"author":[{"embeddable":true,"href":"https:\/\/attducey-avranches.fr\/index.php\/wp-json\/wp\/v2\/users\/2"}],"replies":[{"embeddable":true,"href":"https:\/\/attducey-avranches.fr\/index.php\/wp-json\/wp\/v2\/comments?post=386"}],"version-history":[{"count":14,"href":"https:\/\/attducey-avranches.fr\/index.php\/wp-json\/wp\/v2\/pages\/386\/revisions"}],"predecessor-version":[{"id":660,"href":"https:\/\/attducey-avranches.fr\/index.php\/wp-json\/wp\/v2\/pages\/386\/revisions\/660"}],"up":[{"embeddable":true,"href":"https:\/\/attducey-avranches.fr\/index.php\/wp-json\/wp\/v2\/pages\/312"}],"wp:attachment":[{"href":"https:\/\/attducey-avranches.fr\/index.php\/wp-json\/wp\/v2\/media?parent=386"}],"curies":[{"name":"wp","href":"https:\/\/api.w.org\/{rel}","templated":true}]}}