{"id":305,"date":"2022-07-15T15:04:00","date_gmt":"2022-07-15T13:04:00","guid":{"rendered":"https:\/\/attducey-avranches.fr\/?page_id=305"},"modified":"2026-04-29T09:18:14","modified_gmt":"2026-04-29T07:18:14","slug":"tournoi-national-ducey-2022","status":"publish","type":"page","link":"https:\/\/attducey-avranches.fr\/index.php\/organisations\/tournoi-national-ducey-2022\/","title":{"rendered":"Tournoi National Ducey 2026"},"content":{"rendered":"\n<p>La 48e \u00e9dition du Tournoi National de Ducey s&rsquo;est d\u00e9roul\u00e9 le Vendredi 1er Mai 2026 \u00e0 Ducey-Les Ch\u00e9ris (50)<\/p>\n\n\n\n<figure class=\"wp-block-image size-full\"><img loading=\"lazy\" decoding=\"async\" width=\"1123\" height=\"1587\" src=\"https:\/\/attducey-avranches.fr\/wp-content\/uploads\/2026\/02\/affiche-tournoi-2026-version-2.jpg\" alt=\"\" class=\"wp-image-1429\" srcset=\"https:\/\/attducey-avranches.fr\/wp-content\/uploads\/2026\/02\/affiche-tournoi-2026-version-2.jpg 1123w, https:\/\/attducey-avranches.fr\/wp-content\/uploads\/2026\/02\/affiche-tournoi-2026-version-2-212x300.jpg 212w, https:\/\/attducey-avranches.fr\/wp-content\/uploads\/2026\/02\/affiche-tournoi-2026-version-2-725x1024.jpg 725w, https:\/\/attducey-avranches.fr\/wp-content\/uploads\/2026\/02\/affiche-tournoi-2026-version-2-768x1085.jpg 768w, https:\/\/attducey-avranches.fr\/wp-content\/uploads\/2026\/02\/affiche-tournoi-2026-version-2-1087x1536.jpg 1087w\" sizes=\"auto, (max-width: 1123px) 100vw, 1123px\" \/><\/figure>\n\n\n\n<p>Vous trouverez ci-apr\u00e8s l&rsquo;ensemble des documents utiles pour le suivi de la comp\u00e9tition.<\/p>\n\n\n\n<ul class=\"wp-block-list\">\n<li>Le <mark style=\"background-color:rgba(0, 0, 0, 0)\" class=\"has-inline-color has-secondary-color\"><a href=\"https:\/\/attducey-avranches.fr\/wp-content\/uploads\/2026\/02\/Reglement_Tournoi_Ducey_2026.pdf\" target=\"_blank\" rel=\"noreferrer noopener\">r\u00e8glement du tournoi<\/a><\/mark> avec les dotations par tableau en PDF<\/li>\n\n\n\n<li>La <mark style=\"background-color:rgba(0, 0, 0, 0)\" class=\"has-inline-color has-secondary-color\"><a href=\"https:\/\/attducey-avranches.fr\/wp-content\/uploads\/2026\/02\/Feuille-dinscriptions.pdf\" target=\"_blank\" rel=\"noreferrer noopener\">feuille d&rsquo;inscriptions<\/a><\/mark> en PDF<\/li>\n\n\n\n<li>La <a href=\"https:\/\/attducey-avranches.fr\/wp-content\/uploads\/2026\/04\/Inscript-Tournoi-Ducey-2026.pdf\" data-type=\"link\" data-id=\"https:\/\/attducey-avranches.fr\/wp-content\/uploads\/2026\/04\/Inscrits-Tournoi-Ducey-2026.pdf\" target=\"_blank\" rel=\"noreferrer noopener\">liste des inscrits (au 29\/04\/2026)<\/a> en PDF :<\/li>\n<\/ul>\n\n\n\n<ul class=\"wp-block-list\">\n<li>Taux de remplissage par tableaux (mis \u00e0 jour au 29\/04\/2026) :\n<ul class=\"wp-block-list\">\n<li class=\"has-vivid-red-color has-text-color has-link-color wp-elements-08e24674039dc76d28cd54f5a9e8ea81\">Tableau A (500 \u00e0 799 pts) : 100 % &#8211; COMPLET<\/li>\n\n\n\n<li class=\"has-vivid-red-color has-text-color has-link-color wp-elements-c6bce39553e9744866028a980264ea3f\">Tableau B (500 \u00e0 999 pts) : 100 % &#8211; COMPLET<\/li>\n\n\n\n<li>Tableau C (800 \u00e0 1199 pts) : 90 % (reste 6 places sur 60)<\/li>\n\n\n\n<li class=\"has-vivid-red-color has-text-color has-link-color wp-elements-b5ca29eb808fee4284fef0e4002198f3\">Tableau D (1000 \u00e0 1399 pts) : 100 % &#8211; COMPLET<\/li>\n\n\n\n<li class=\"has-vivid-red-color has-text-color has-link-color wp-elements-95ac7964889ee917818318c854627547\">Tableau E (1200 \u00e0 1599 pts) : 100 % &#8211; COMPLET<\/li>\n\n\n\n<li>Tableau F (1400 \u00e0 1799 pts) : 81 % (reste 7 places sur 36)<\/li>\n\n\n\n<li>Tableau G (1600 \u00e0 2099 pts) : 72 % (reste 10 places sur 36)<\/li>\n\n\n\n<li>Tableau H (Toutes cat\u00e9gories) : 58 % (reste 30 places sur 72)<\/li>\n\n\n\n<li>Tableau I (F\u00e9minines : 500 \u00e0 999 pts) : 21 % (reste 19 places sur 24)<\/li>\n<\/ul>\n<\/li>\n<\/ul>\n\n\n\n<div class=\"wp-block-buttons is-content-justification-center is-layout-flex wp-container-core-buttons-is-layout-a89b3969 wp-block-buttons-is-layout-flex\">\n<div class=\"wp-block-button has-custom-width wp-block-button__width-50 is-style-outline is-style-outline--1\"><a class=\"wp-block-button__link has-vertical-secondary-to-tertiary-gradient-background has-background wp-element-button\" href=\"https:\/\/www.facebook.com\/events\/1271512321701387?acontext=%7B%22event_action_history%22%3A[%7B%22extra_data%22%3A%22%22%2C%22mechanism%22%3A%22left_rail%22%2C%22surface%22%3A%22bookmark%22%7D%2C%7B%22extra_data%22%3A%22%22%2C%22mechanism%22%3A%22left_rail%22%2C%22surface%22%3A%22bookmark%22%7D%2C%7B%22extra_data%22%3A%22%22%2C%22mechanism%22%3A%22calendar_hosting_events_unit%22%2C%22surface%22%3A%22bookmark_calendar%22%7D]%2C%22ref_notif_type%22%3Anull%7D\" target=\"_blank\" rel=\"noreferrer noopener\"><mark style=\"background-color:rgba(0, 0, 0, 0)\" class=\"has-inline-color has-primary-color\">Page Facebook de l&rsquo;\u00e9v\u00e8nement<\/mark><\/a><\/div>\n<\/div>\n\n\n\n<p class=\"has-background-color has-text-color\"><mark style=\"background-color:rgba(0, 0, 0, 0)\" class=\"has-inline-color has-primary-color\">YY<\/mark><\/p>\n\n\n\n<pre class=\"wp-block-preformatted\">Voici les r\u00e9sultats et photos des podiums de la 47 \u00e9dition du Tournoi National B de Ducey o\u00f9 210 participants se sont affront\u00e9s de 9h \u00e0 22h00 au Gymnase Ren\u00e9 Hardy.<br><br>\u27a1\ufe0f Tableau A (500 \u00e0 799 pts) :<br>1er : Candice GAUTREAU DUMEZ (OC Cesson Tennis De Table)<br>2e : Nolan LEMARECHAL (TT Foug\u00e8res-Javen\u00e9-L\u00e9cousse)<br><br>\u27a1\ufe0f Tableau B (500 \u00e0 999 pts) :<br>1er  : Ambroise ROUCHE (OC Cesson Tennis De Table)<br>2e : Nolhann LANGLOIS (JA Coutances)<br><br>\u27a1\ufe0f Tableau C (800 \u00e0 1199 pts) :<br>1er : Sofiene MOSTEFA (AG Caen TT)<br>2e : Ethan LEFEVRE (ES Torignaise Tennis de Table)<br><br>\u27a1\ufe0f Tableau D (1000 \u00e0 1399 pts) :<br>1er : Timeo Turquety-Dehon (As Cormelles Tennis de Table)<br>2e : Cl\u00e9ment MACE (Ent. Pac\u00e9\/St Gr\u00e9goire TT)<br><br>\u27a1\ufe0f Tableau E (1200 \u00e0 1599 pts) :<br>1er : Liam BEAUVAIS (La Richardais PING - Le  Tennis de table proche de Dinard)<br>2e : Malo LETOUZE (AG Caen TT)<br><br>\u27a1\ufe0f Tableau F (1400 \u00e0 1799 pts) :<br>1er : Cl\u00e9ment BOURGET (AC Pl\u00e9rin tennis de table)<br>2e : Antoine MOTTIER (Francs-Archers Laval Tennis de Table)<br><br>\u27a1\ufe0f Tableau G (1600 \u00e0 2099 pts) :<br>1er : Olamide ADEYEMI (OC Cesson Tennis De Table)<br>2e : Antoine MOTTIER (Francs-Archers Laval Tennis de Table)<br><br>\u27a1\ufe0f Tableau H (Toutes Cat\u00e9gories Hommes) :<br>1er : Samuel GUEN (TT Foug\u00e8res-Javen\u00e9-L\u00e9cousse)<br>2e : Aurelien Pasquette (OC Cesson Tennis De Table)<br><br>\u27a1\ufe0f Tableau I (- de 1600 pts F\u00e9minines) :<br>1er : Laeticia Deleuse (ES Falaise Tennis de Table<br>2e : Gwendoline Vincendon-duc (Laval Bourny Tennis de Table)<br><br>Un grand merci \u00e0 tous les joueurs pour leur pr\u00e9sence ! Certains clubs m\u00eame fortement repr\u00e9sent\u00e9s (TT Foug\u00e8res-Javen\u00e9-L\u00e9cousse, OC Cesson Tennis De Table, AL Bruz, Caen TTC, AC Plerin) \ud83d\udd1d<br><br>Merci \u00e0 Romain, Didier, Dominique et Antoine \u00e0 la table d'arbitre pour leur gestion parfaite de la comp\u00e9tition \ud83d\udc4c\ud83d\udc4c<br><br>Merci au club d'Isigny-Montigny pour le pr\u00eat de mat\u00e9riel \ud83e\udd1d<br><br>Merci \u00e0 tous les b\u00e9n\u00e9voles du club pour leur d\u00e9vouement et leur aide pr\u00e9cieuse durant cette journ\u00e9e \ud83d\udc4f<br><br>Et merci \u00e0 tous nos partenaires priv\u00e9s et\/ou public pour leur soutien !<br><br>RDV le 1er Mai 2026 pour une nouvelle \u00e9dition \ud83d\udccc<\/pre>\n\n\n\n<p>Vid\u00e9o de cette belle journ\u00e9e<\/p>\n\n\n\n<p><a href=\"https:\/\/www.facebook.com\/att.ducey\/videos\/1418434908584282\"><mark style=\"background-color:rgba(0, 0, 0, 0)\" class=\"has-inline-color has-secondary-color\">https:\/\/www.facebook.com\/att.ducey\/videos\/1418434908584282<\/mark><\/a><\/p>\n","protected":false},"excerpt":{"rendered":"<p>La 48e \u00e9dition du Tournoi National de Ducey s&rsquo;est d\u00e9roul\u00e9 le Vendredi 1er Mai 2026 \u00e0 Ducey-Les Ch\u00e9ris (50) Vous trouverez ci-apr\u00e8s l&rsquo;ensemble des documents utiles pour le suivi de la comp\u00e9tition. YY Voici les r\u00e9sultats et photos des podiums de la 47 \u00e9dition du Tournoi National B de Ducey o\u00f9 210 participants se sont [&hellip;]<\/p>\n","protected":false},"author":2,"featured_media":0,"parent":312,"menu_order":1,"comment_status":"closed","ping_status":"closed","template":"","meta":{"footnotes":""},"class_list":["post-305","page","type-page","status-publish","hentry"],"jetpack-related-posts":[{"id":223,"url":"https:\/\/attducey-avranches.fr\/index.php\/le-club\/historique\/","url_meta":{"origin":305,"position":0},"title":"Historique","author":"J\u00e9r\u00e9my Gloria","date":"13 juillet 2022","format":false,"excerpt":"Pr\u00e9sentation\u00a0: Le club de Tennis de Table Ducey\/Avranches a \u00e9t\u00e9 cr\u00e9\u00e9 en Mai 2018 suite \u00e0 la fusion des clubs de l\u2019ATT Ducey et de l\u2019Entente St Senier\/Avranches. Il comprend aujourd\u2019hui environ 170 licenci\u00e9s, soit le 2e total le plus \u00e9lev\u00e9 parmi les 51 clubs de la Manche. 17 personnes\u2026","rel":"","context":"Article similaire","block_context":{"text":"Article similaire","link":""},"img":{"alt_text":"","src":"https:\/\/i0.wp.com\/attducey-avranches.fr\/wp-content\/uploads\/2023\/12\/D3S.jpg?resize=350%2C200&ssl=1","width":350,"height":200,"srcset":"https:\/\/i0.wp.com\/attducey-avranches.fr\/wp-content\/uploads\/2023\/12\/D3S.jpg?resize=350%2C200&ssl=1 1x, https:\/\/i0.wp.com\/attducey-avranches.fr\/wp-content\/uploads\/2023\/12\/D3S.jpg?resize=525%2C300&ssl=1 1.5x, https:\/\/i0.wp.com\/attducey-avranches.fr\/wp-content\/uploads\/2023\/12\/D3S.jpg?resize=700%2C400&ssl=1 2x, https:\/\/i0.wp.com\/attducey-avranches.fr\/wp-content\/uploads\/2023\/12\/D3S.jpg?resize=1050%2C600&ssl=1 3x, https:\/\/i0.wp.com\/attducey-avranches.fr\/wp-content\/uploads\/2023\/12\/D3S.jpg?resize=1400%2C800&ssl=1 4x"},"classes":[]},{"id":219,"url":"https:\/\/attducey-avranches.fr\/index.php\/entrainements\/","url_meta":{"origin":305,"position":1},"title":"ENTRAINEMENTS","author":"J\u00e9r\u00e9my Gloria","date":"13 juillet 2022","format":false,"excerpt":"Les cr\u00e9neaux d'entra\u00eenements ont lieu dans 3 salles diff\u00e9rentes : Salle du Lyc\u00e9e Littr\u00e9 situ\u00e9 Bd Pasteur \u00e0 Avranches Gymnase Ren\u00e9 Hardy situ\u00e9 42 Rue Boishue \u00e0 Ducey Salle de Tennis de Table situ\u00e9 Rue du midi \u00e0 Ducey G Gymnase Ren\u00e9 Hardy de Ducey Les s\u00e9ances sont dispens\u00e9s par\u2026","rel":"","context":"Article similaire","block_context":{"text":"Article similaire","link":""},"img":{"alt_text":"","src":"https:\/\/i0.wp.com\/attducey-avranches.fr\/wp-content\/uploads\/2022\/06\/photo-gymnase.jpg?resize=350%2C200&ssl=1","width":350,"height":200,"srcset":"https:\/\/i0.wp.com\/attducey-avranches.fr\/wp-content\/uploads\/2022\/06\/photo-gymnase.jpg?resize=350%2C200&ssl=1 1x, https:\/\/i0.wp.com\/attducey-avranches.fr\/wp-content\/uploads\/2022\/06\/photo-gymnase.jpg?resize=525%2C300&ssl=1 1.5x, https:\/\/i0.wp.com\/attducey-avranches.fr\/wp-content\/uploads\/2022\/06\/photo-gymnase.jpg?resize=700%2C400&ssl=1 2x"},"classes":[]},{"id":386,"url":"https:\/\/attducey-avranches.fr\/index.php\/organisations\/criterium-federal-n2-ducey\/","url_meta":{"origin":305,"position":2},"title":"Crit\u00e9rium F\u00e9d\u00e9ral N2 Ducey &#8211; 1er tour 2022-2023","author":"J\u00e9r\u00e9my Gloria","date":"19 juillet 2022","format":false,"excerpt":"Le 1er tour du Crit\u00e9rium F\u00e9d\u00e9ral N2 (zone 6) se d\u00e9roule les 15 et 16 octobre 2022 \u00e0 Ducey-Les Ch\u00e9ris (50). Vous trouverez ci-apr\u00e8s l\u2019ensemble des documents utiles pour le suivi de la comp\u00e9tition. Convocation et horaire g\u00e9n\u00e9ral au format PDFListe des joueurs -15, -13 et -11 (samedi) en PDFListe\u2026","rel":"","context":"Article similaire","block_context":{"text":"Article similaire","link":""},"img":{"alt_text":"","src":"https:\/\/i0.wp.com\/attducey-avranches.fr\/wp-content\/uploads\/2022\/06\/Complexe_Rene_Hardy_Ducey_Les_Cheris_2_web-150x150.jpg?resize=350%2C200&ssl=1","width":350,"height":200},"classes":[]},{"id":1357,"url":"https:\/\/attducey-avranches.fr\/index.php\/coupe-att-2025-2026\/","url_meta":{"origin":305,"position":3},"title":"Coupe ATT 2025-2026","author":"J\u00e9r\u00e9my Gloria","date":"25 novembre 2025","format":false,"excerpt":"La Coupe ATT est une nouvelle comp\u00e9tition interne organis\u00e9e par l\u2019ATT Ducey Avranches. Elle a pour but de rassembler les joueurs du club autour d\u2019un esprit de convivialit\u00e9, de partage et de sportivit\u00e9, tout en proposant des rencontres \u00e9quilibr\u00e9es et disput\u00e9es. -> R\u00e8glement -> Poules et r\u00e9sultats -> Tableau final","rel":"","context":"Article similaire","block_context":{"text":"Article similaire","link":""},"img":{"alt_text":"","src":"","width":0,"height":0},"classes":[]},{"id":599,"url":"https:\/\/attducey-avranches.fr\/index.php\/infos-pratiques\/section-loisirs\/","url_meta":{"origin":305,"position":4},"title":"Section Loisirs","author":"J\u00e9r\u00e9my Gloria","date":"12 octobre 2022","format":false,"excerpt":"Le club compte une trentaine de joueurs \u00e9voluant en loisirs, sans comp\u00e9tition. Ils sont licenci\u00e9s au club comme les joueurs \u00e9voluant en comp\u00e9tition et donc, possiblement \u00e9galement b\u00e9n\u00e9voles de l'association. Les cr\u00e9neaux d'entrainement sont : le mardi de 19h \u00e0 21h (avec le groupe \"comp\u00e9titions\") au Gymnase Ren\u00e9 Hardy de\u2026","rel":"","context":"Article similaire","block_context":{"text":"Article similaire","link":""},"img":{"alt_text":"","src":"https:\/\/i0.wp.com\/attducey-avranches.fr\/wp-content\/uploads\/2022\/10\/loisirs.jpg?resize=350%2C200&ssl=1","width":350,"height":200,"srcset":"https:\/\/i0.wp.com\/attducey-avranches.fr\/wp-content\/uploads\/2022\/10\/loisirs.jpg?resize=350%2C200&ssl=1 1x, https:\/\/i0.wp.com\/attducey-avranches.fr\/wp-content\/uploads\/2022\/10\/loisirs.jpg?resize=525%2C300&ssl=1 1.5x, https:\/\/i0.wp.com\/attducey-avranches.fr\/wp-content\/uploads\/2022\/10\/loisirs.jpg?resize=700%2C400&ssl=1 2x"},"classes":[]},{"id":16,"url":"https:\/\/attducey-avranches.fr\/index.php\/infos-pratiques\/347-2\/finales-federales-par-classement\/","url_meta":{"origin":305,"position":5},"title":"Finales f\u00e9d\u00e9rales par classement 2022","author":"J\u00e9r\u00e9my Gloria","date":"22 juin 2022","format":false,"excerpt":"Les finales f\u00e9d\u00e9rales par classement se sont d\u00e9roul\u00e9es les 25 et 26 juin 2022 \u00e0 Ducey-Les Ch\u00e9ris (50). Vous trouverez ci-apr\u00e8s l'ensemble des documents utiles pour le suivi de la comp\u00e9tition. Listes des joueurs au format Excel L'horaire g\u00e9n\u00e9ral de la comp\u00e9tition en PDFLe dossier d'accueil Ducey les Ch\u00e9ris en\u2026","rel":"","context":"Article similaire","block_context":{"text":"Article similaire","link":""},"img":{"alt_text":"","src":"https:\/\/i0.wp.com\/attducey-avranches.fr\/wp-content\/uploads\/2022\/06\/facebook_1655466206098_69435285301055785501689-150x150.jpg?resize=350%2C200&ssl=1","width":350,"height":200,"srcset":"https:\/\/i0.wp.com\/attducey-avranches.fr\/wp-content\/uploads\/2022\/06\/facebook_1655466206098_69435285301055785501689-150x150.jpg?resize=350%2C200&ssl=1 1x, https:\/\/i0.wp.com\/attducey-avranches.fr\/wp-content\/uploads\/2022\/06\/facebook_1655466206098_69435285301055785501689-150x150.jpg?resize=525%2C300&ssl=1 1.5x, https:\/\/i0.wp.com\/attducey-avranches.fr\/wp-content\/uploads\/2022\/06\/facebook_1655466206098_69435285301055785501689-150x150.jpg?resize=700%2C400&ssl=1 2x, https:\/\/i0.wp.com\/attducey-avranches.fr\/wp-content\/uploads\/2022\/06\/facebook_1655466206098_69435285301055785501689-150x150.jpg?resize=1050%2C600&ssl=1 3x"},"classes":[]}],"jetpack_sharing_enabled":true,"_links":{"self":[{"href":"https:\/\/attducey-avranches.fr\/index.php\/wp-json\/wp\/v2\/pages\/305","targetHints":{"allow":["GET"]}}],"collection":[{"href":"https:\/\/attducey-avranches.fr\/index.php\/wp-json\/wp\/v2\/pages"}],"about":[{"href":"https:\/\/attducey-avranches.fr\/index.php\/wp-json\/wp\/v2\/types\/page"}],"author":[{"embeddable":true,"href":"https:\/\/attducey-avranches.fr\/index.php\/wp-json\/wp\/v2\/users\/2"}],"replies":[{"embeddable":true,"href":"https:\/\/attducey-avranches.fr\/index.php\/wp-json\/wp\/v2\/comments?post=305"}],"version-history":[{"count":27,"href":"https:\/\/attducey-avranches.fr\/index.php\/wp-json\/wp\/v2\/pages\/305\/revisions"}],"predecessor-version":[{"id":1470,"href":"https:\/\/attducey-avranches.fr\/index.php\/wp-json\/wp\/v2\/pages\/305\/revisions\/1470"}],"up":[{"embeddable":true,"href":"https:\/\/attducey-avranches.fr\/index.php\/wp-json\/wp\/v2\/pages\/312"}],"wp:attachment":[{"href":"https:\/\/attducey-avranches.fr\/index.php\/wp-json\/wp\/v2\/media?parent=305"}],"curies":[{"name":"wp","href":"https:\/\/api.w.org\/{rel}","templated":true}]}}