{"id":274,"date":"2022-07-15T12:27:16","date_gmt":"2022-07-15T10:27:16","guid":{"rendered":"https:\/\/attducey-avranches.fr\/?page_id=274"},"modified":"2025-12-26T12:32:44","modified_gmt":"2025-12-26T11:32:44","slug":"resultats-criterium-federal-et-circuit-jeunes","status":"publish","type":"page","link":"https:\/\/attducey-avranches.fr\/index.php\/competitions\/resultats-criterium-federal-et-circuit-jeunes\/","title":{"rendered":"Crit\u00e9rium F\u00e9d\u00e9ral \/ Circuit jeunes"},"content":{"rendered":"\n<p class=\"has-secondary-color has-text-color has-link-color has-large-font-size wp-elements-fb473fd2ae9ddf9564fa0163ef705b0e\">Crit\u00e9rium F\u00e9d\u00e9ral<\/p>\n\n\n\n<p><img loading=\"lazy\" decoding=\"async\" height=\"16\" width=\"16\" src=\"https:\/\/static.xx.fbcdn.net\/images\/emoji.php\/v9\/tef\/1\/16\/1f535.png\" alt=\"\ud83d\udd35\"><img loading=\"lazy\" decoding=\"async\" height=\"16\" width=\"16\" src=\"https:\/\/static.xx.fbcdn.net\/images\/emoji.php\/v9\/t8d\/1\/16\/26aa.png\" alt=\"\u26aa\ufe0f\"> R\u00e9sultats du 2\u00e8me tour du Crit\u00e9rium F\u00e9d\u00e9ral disput\u00e9s ce week-end par les 30 joueurs de l&rsquo;ATT engag\u00e9s !<\/p>\n\n\n\n<p><img loading=\"lazy\" decoding=\"async\" height=\"16\" width=\"16\" alt=\"\ud83d\udccd\" src=\"https:\/\/static.xx.fbcdn.net\/images\/emoji.php\/v9\/t2d\/1\/16\/1f4cd.png\">R\u00e9gionale Minimes au Havre (76)<\/p>\n\n\n\n<p><img loading=\"lazy\" decoding=\"async\" height=\"16\" width=\"16\" alt=\"\u27a1\ufe0f\" src=\"https:\/\/static.xx.fbcdn.net\/images\/emoji.php\/v9\/t9e\/1\/16\/27a1.png\">Aristide ROC : 5\u00e8me<\/p>\n\n\n\n<p><img loading=\"lazy\" decoding=\"async\" height=\"16\" width=\"16\" alt=\"\u27a1\ufe0f\" src=\"https:\/\/static.xx.fbcdn.net\/images\/emoji.php\/v9\/t9e\/1\/16\/27a1.png\">Rapha\u00ebl RUEN : 11\u00e8me<\/p>\n\n\n\n<p>Une <a><\/a>seule d\u00e9faite en 1\/4 pour Aristide contre N. Daleau, sa b\u00eate noire. Belle journ\u00e9e pour Rapha\u00ebl avec une 11\u00e8me place, qui devrait lui permettre de se maintenir \u00e0 ce niveau.<\/p>\n\n\n\n<p><img loading=\"lazy\" decoding=\"async\" height=\"16\" width=\"16\" alt=\"\ud83d\udccd\" src=\"https:\/\/static.xx.fbcdn.net\/images\/emoji.php\/v9\/t2d\/1\/16\/1f4cd.png\">R\u00e9gionale Cadets au Havre (76)<\/p>\n\n\n\n<p><img loading=\"lazy\" decoding=\"async\" height=\"16\" width=\"16\" alt=\"\u27a1\ufe0f\" src=\"https:\/\/static.xx.fbcdn.net\/images\/emoji.php\/v9\/t9e\/1\/16\/27a1.png\">Antoine LETOURNEUR : 8\u00e8me<\/p>\n\n\n\n<p>Journ\u00e9e compliqu\u00e9e pour Antoine dans un tableau toujours tr\u00e8s relev\u00e9 ; heureusement, la victoire dans le match important lui permet de se maintenir \u00e0 ce niveau.<\/p>\n\n\n\n<p><img loading=\"lazy\" decoding=\"async\" height=\"16\" width=\"16\" alt=\"\ud83d\udccd\" src=\"https:\/\/static.xx.fbcdn.net\/images\/emoji.php\/v9\/t2d\/1\/16\/1f4cd.png\">D1 Poussins \u00e0 Coutances<\/p>\n\n\n\n<p><img loading=\"lazy\" decoding=\"async\" height=\"16\" width=\"16\" alt=\"\u27a1\ufe0f\" src=\"https:\/\/static.xx.fbcdn.net\/images\/emoji.php\/v9\/t9e\/1\/16\/27a1.png\">Tom LEMETAYER : 6\u00e8me<\/p>\n\n\n\n<p><img loading=\"lazy\" decoding=\"async\" height=\"16\" width=\"16\" alt=\"\ud83d\udccd\" src=\"https:\/\/static.xx.fbcdn.net\/images\/emoji.php\/v9\/t2d\/1\/16\/1f4cd.png\">D1 Benjamins \u00e0 Coutances<\/p>\n\n\n\n<p><img loading=\"lazy\" decoding=\"async\" height=\"16\" width=\"16\" alt=\"\u27a1\ufe0f\" src=\"https:\/\/static.xx.fbcdn.net\/images\/emoji.php\/v9\/t9e\/1\/16\/27a1.png\">Lucien Monrocq : 13\u00e8me<\/p>\n\n\n\n<p><img loading=\"lazy\" decoding=\"async\" height=\"16\" width=\"16\" alt=\"\u27a1\ufe0f\" src=\"https:\/\/static.xx.fbcdn.net\/images\/emoji.php\/v9\/t9e\/1\/16\/27a1.png\">Tony MAHIEU : 15\u00e8me<\/p>\n\n\n\n<p><img loading=\"lazy\" decoding=\"async\" height=\"16\" width=\"16\" alt=\"\u27a1\ufe0f\" src=\"https:\/\/static.xx.fbcdn.net\/images\/emoji.php\/v9\/t9e\/1\/16\/27a1.png\">No\u00eb POIRIER : 16\u00e8me<\/p>\n\n\n\n<p><img loading=\"lazy\" decoding=\"async\" height=\"16\" width=\"16\" alt=\"\u27a1\ufe0f\" src=\"https:\/\/static.xx.fbcdn.net\/images\/emoji.php\/v9\/t9e\/1\/16\/27a1.png\">Louka LE DOUR : 18\u00e8me<\/p>\n\n\n\n<p><img loading=\"lazy\" decoding=\"async\" height=\"16\" width=\"16\" alt=\"\ud83d\udccd\" src=\"https:\/\/static.xx.fbcdn.net\/images\/emoji.php\/v9\/t2d\/1\/16\/1f4cd.png\">D1 Minimes \u00e0 Coutances<\/p>\n\n\n\n<p><img loading=\"lazy\" decoding=\"async\" height=\"16\" width=\"16\" alt=\"\u27a1\ufe0f\" src=\"https:\/\/static.xx.fbcdn.net\/images\/emoji.php\/v9\/t9e\/1\/16\/27a1.png\">C\u00f4me DUFOUR : 3\u00e8me <img loading=\"lazy\" decoding=\"async\" height=\"16\" width=\"16\" alt=\"\ud83e\udd49\" src=\"https:\/\/static.xx.fbcdn.net\/images\/emoji.php\/v9\/t96\/1\/16\/1f949.png\"><\/p>\n\n\n\n<p><img loading=\"lazy\" decoding=\"async\" height=\"16\" width=\"16\" alt=\"\u27a1\ufe0f\" src=\"https:\/\/static.xx.fbcdn.net\/images\/emoji.php\/v9\/t9e\/1\/16\/27a1.png\">Celestin CLOGENSON : 9\u00e8me<\/p>\n\n\n\n<p><img loading=\"lazy\" decoding=\"async\" height=\"16\" width=\"16\" alt=\"\u27a1\ufe0f\" src=\"https:\/\/static.xx.fbcdn.net\/images\/emoji.php\/v9\/t9e\/1\/16\/27a1.png\">Kande LEMAITRE : 15\u00e8me<\/p>\n\n\n\n<p>Nouvelle 3\u00e8me place pour C\u00f4me, qui rate encore la mont\u00e9e de justesse&#8230; <img loading=\"lazy\" decoding=\"async\" height=\"16\" width=\"16\" alt=\"\ud83e\udd72\" src=\"https:\/\/static.xx.fbcdn.net\/images\/emoji.php\/v9\/tec\/1\/16\/1f972.png\"><\/p>\n\n\n\n<p><img loading=\"lazy\" decoding=\"async\" height=\"16\" width=\"16\" alt=\"\ud83d\udccd\" src=\"https:\/\/static.xx.fbcdn.net\/images\/emoji.php\/v9\/t2d\/1\/16\/1f4cd.png\">D2 Minimes \u00e0 Coutances<\/p>\n\n\n\n<p><img loading=\"lazy\" decoding=\"async\" height=\"16\" width=\"16\" alt=\"\u27a1\ufe0f\" src=\"https:\/\/static.xx.fbcdn.net\/images\/emoji.php\/v9\/t9e\/1\/16\/27a1.png\">Sohan POIRIER : 4\u00e8me<\/p>\n\n\n\n<p><img loading=\"lazy\" decoding=\"async\" height=\"16\" width=\"16\" alt=\"\ud83d\udccd\" src=\"https:\/\/static.xx.fbcdn.net\/images\/emoji.php\/v9\/t2d\/1\/16\/1f4cd.png\">D1 Cadets \u00e0 Coutances<\/p>\n\n\n\n<p><img loading=\"lazy\" decoding=\"async\" height=\"16\" width=\"16\" alt=\"\u27a1\ufe0f\" src=\"https:\/\/static.xx.fbcdn.net\/images\/emoji.php\/v9\/t9e\/1\/16\/27a1.png\">Bastien RICOUX : 2\u00e8me <img loading=\"lazy\" decoding=\"async\" height=\"16\" width=\"16\" alt=\"\ud83e\udd48\" src=\"https:\/\/static.xx.fbcdn.net\/images\/emoji.php\/v9\/t15\/1\/16\/1f948.png\"><\/p>\n\n\n\n<p><img loading=\"lazy\" decoding=\"async\" height=\"16\" width=\"16\" alt=\"\u27a1\ufe0f\" src=\"https:\/\/static.xx.fbcdn.net\/images\/emoji.php\/v9\/t9e\/1\/16\/27a1.png\">Ferdinand ROC : 3\u00e8me <img loading=\"lazy\" decoding=\"async\" height=\"16\" width=\"16\" alt=\"\ud83e\udd49\" src=\"https:\/\/static.xx.fbcdn.net\/images\/emoji.php\/v9\/t96\/1\/16\/1f949.png\"><\/p>\n\n\n\n<p><img loading=\"lazy\" decoding=\"async\" height=\"16\" width=\"16\" alt=\"\u27a1\ufe0f\" src=\"https:\/\/static.xx.fbcdn.net\/images\/emoji.php\/v9\/t9e\/1\/16\/27a1.png\">Gr\u00e9gory LASSEUR : 10\u00e8me<\/p>\n\n\n\n<p>Joli podium obtenu par les 2 joueurs de la D2 (7). La marche \u00e9tait trop haute en finale pour Bastien pour l&rsquo;accession en r\u00e9gionale.<\/p>\n\n\n\n<p><img loading=\"lazy\" decoding=\"async\" height=\"16\" width=\"16\" alt=\"\ud83d\udccd\" src=\"https:\/\/static.xx.fbcdn.net\/images\/emoji.php\/v9\/t2d\/1\/16\/1f4cd.png\">D2 Cadets \u00e0 Coutances<\/p>\n\n\n\n<p><img loading=\"lazy\" decoding=\"async\" height=\"16\" width=\"16\" alt=\"\u27a1\ufe0f\" src=\"https:\/\/static.xx.fbcdn.net\/images\/emoji.php\/v9\/t9e\/1\/16\/27a1.png\">Lilo MURIEL : 9\u00e8me<\/p>\n\n\n\n<p><img loading=\"lazy\" decoding=\"async\" height=\"16\" width=\"16\" alt=\"\u27a1\ufe0f\" src=\"https:\/\/static.xx.fbcdn.net\/images\/emoji.php\/v9\/t9e\/1\/16\/27a1.png\">Jules LEGILLON : 10\u00e8me<\/p>\n\n\n\n<p><img loading=\"lazy\" decoding=\"async\" height=\"16\" width=\"16\" alt=\"\u27a1\ufe0f\" src=\"https:\/\/static.xx.fbcdn.net\/images\/emoji.php\/v9\/t9e\/1\/16\/27a1.png\">Baptiste MIDI : 12\u00e8me<\/p>\n\n\n\n<p><img loading=\"lazy\" decoding=\"async\" height=\"16\" width=\"16\" alt=\"\u27a1\ufe0f\" src=\"https:\/\/static.xx.fbcdn.net\/images\/emoji.php\/v9\/t9e\/1\/16\/27a1.png\">Lilio VOISIN : 17\u00e8me<\/p>\n\n\n\n<p><img loading=\"lazy\" decoding=\"async\" height=\"16\" width=\"16\" alt=\"\ud83d\udccd\" src=\"https:\/\/static.xx.fbcdn.net\/images\/emoji.php\/v9\/t2d\/1\/16\/1f4cd.png\">D1 Juniors\/S\u00e9niors \u00e0 Coutances<\/p>\n\n\n\n<p><img loading=\"lazy\" decoding=\"async\" height=\"16\" width=\"16\" alt=\"\u27a1\ufe0f\" src=\"https:\/\/static.xx.fbcdn.net\/images\/emoji.php\/v9\/t9e\/1\/16\/27a1.png\">Romain LETOURNEUR : 6\u00e8me<\/p>\n\n\n\n<p><img loading=\"lazy\" decoding=\"async\" height=\"16\" width=\"16\" alt=\"\u27a1\ufe0f\" src=\"https:\/\/static.xx.fbcdn.net\/images\/emoji.php\/v9\/t9e\/1\/16\/27a1.png\">Tim\u00e9o LEBAILLY : 11\u00e8me<\/p>\n\n\n\n<p>Maintien assur\u00e9 pour nos 2 juniors avec notamment une tr\u00e8s belle 6\u00e8me place pour Romain<\/p>\n\n\n\n<p><img loading=\"lazy\" decoding=\"async\" height=\"16\" width=\"16\" alt=\"\ud83d\udccd\" src=\"https:\/\/static.xx.fbcdn.net\/images\/emoji.php\/v9\/t2d\/1\/16\/1f4cd.png\">D2 Juniors\/S\u00e9niors \u00e0 Coutances<\/p>\n\n\n\n<p><img loading=\"lazy\" decoding=\"async\" height=\"16\" width=\"16\" alt=\"\u27a1\ufe0f\" src=\"https:\/\/static.xx.fbcdn.net\/images\/emoji.php\/v9\/t9e\/1\/16\/27a1.png\">Th\u00e9o MELAERT : 10\u00e8me<\/p>\n\n\n\n<p><img loading=\"lazy\" decoding=\"async\" height=\"16\" width=\"16\" alt=\"\ud83d\udccd\" src=\"https:\/\/static.xx.fbcdn.net\/images\/emoji.php\/v9\/t2d\/1\/16\/1f4cd.png\">D3 Juniors\/S\u00e9niors \u00e0 Coutances<\/p>\n\n\n\n<p><img loading=\"lazy\" decoding=\"async\" height=\"16\" width=\"16\" alt=\"\u27a1\ufe0f\" src=\"https:\/\/static.xx.fbcdn.net\/images\/emoji.php\/v9\/t9e\/1\/16\/27a1.png\">Enzo LEMETAYER : 1er <img loading=\"lazy\" decoding=\"async\" height=\"16\" width=\"16\" alt=\"\ud83e\udd47\" src=\"https:\/\/static.xx.fbcdn.net\/images\/emoji.php\/v9\/t94\/1\/16\/1f947.png\"><\/p>\n\n\n\n<p><img loading=\"lazy\" decoding=\"async\" height=\"16\" width=\"16\" alt=\"\u27a1\ufe0f\" src=\"https:\/\/static.xx.fbcdn.net\/images\/emoji.php\/v9\/t9e\/1\/16\/27a1.png\">Anthony LASSEUR : 3\u00e8me <img loading=\"lazy\" decoding=\"async\" height=\"16\" width=\"16\" alt=\"\ud83e\udd49\" src=\"https:\/\/static.xx.fbcdn.net\/images\/emoji.php\/v9\/t96\/1\/16\/1f949.png\"><\/p>\n\n\n\n<p><img loading=\"lazy\" decoding=\"async\" height=\"16\" width=\"16\" alt=\"\u27a1\ufe0f\" src=\"https:\/\/static.xx.fbcdn.net\/images\/emoji.php\/v9\/t9e\/1\/16\/27a1.png\">Florent SAGEAN : 10\u00e8me<\/p>\n\n\n\n<p><img loading=\"lazy\" decoding=\"async\" height=\"16\" width=\"16\" alt=\"\u27a1\ufe0f\" src=\"https:\/\/static.xx.fbcdn.net\/images\/emoji.php\/v9\/t9e\/1\/16\/27a1.png\">Emile LEHERICEY : 19\u00e8me<\/p>\n\n\n\n<p>Bravo \u00e0 <a href=\"https:\/\/www.facebook.com\/profile.php?id=100078509940929&amp;__cft__[0]=AZVIkR8z-qkex9R3YHd_Iwol-lHHwk7_jzGhVaSTvvmBcP07VD4OrmA1lyt6cEdLAq-So4Y_CH4d1Fph7z6h7vun748pjXrGLxqVLJ7N0-gm9POBYnFI6EIqlMmbvpe4ZXk7zu471lQW-ucfi00jLDFdLof_fhb9dR8eOjSfs0jlkA&amp;__tn__=-]K-R\">Enzo<\/a> pour sa victoire finale et \u00e0 Anthony pour sa belle 3\u00e8me place, qui leur permettent d&rsquo;acc\u00e9der \u00e0 la D2 au prochain tour (photo) ! F\u00e9licitations \u00e9galement \u00e0 <a href=\"https:\/\/www.facebook.com\/florentsgn?__cft__[0]=AZVIkR8z-qkex9R3YHd_Iwol-lHHwk7_jzGhVaSTvvmBcP07VD4OrmA1lyt6cEdLAq-So4Y_CH4d1Fph7z6h7vun748pjXrGLxqVLJ7N0-gm9POBYnFI6EIqlMmbvpe4ZXk7zu471lQW-ucfi00jLDFdLof_fhb9dR8eOjSfs0jlkA&amp;__tn__=-]K-R\">Florent<\/a> et <a href=\"https:\/\/www.facebook.com\/emile.lehericey?__cft__[0]=AZVIkR8z-qkex9R3YHd_Iwol-lHHwk7_jzGhVaSTvvmBcP07VD4OrmA1lyt6cEdLAq-So4Y_CH4d1Fph7z6h7vun748pjXrGLxqVLJ7N0-gm9POBYnFI6EIqlMmbvpe4ZXk7zu471lQW-ucfi00jLDFdLof_fhb9dR8eOjSfs0jlkA&amp;__tn__=-]K-R\">Emile<\/a> pour leur maintien.<\/p>\n\n\n\n<p><img loading=\"lazy\" decoding=\"async\" height=\"16\" width=\"16\" alt=\"\ud83d\udccd\" src=\"https:\/\/static.xx.fbcdn.net\/images\/emoji.php\/v9\/t2d\/1\/16\/1f4cd.png\">D4 Juniors\/S\u00e9niors \u00e0 Coutances<\/p>\n\n\n\n<p><img loading=\"lazy\" decoding=\"async\" height=\"16\" width=\"16\" alt=\"\u27a1\ufe0f\" src=\"https:\/\/static.xx.fbcdn.net\/images\/emoji.php\/v9\/t9e\/1\/16\/27a1.png\">Thomas LE ROI : 5\u00e8me<\/p>\n\n\n\n<p><img loading=\"lazy\" decoding=\"async\" height=\"16\" width=\"16\" alt=\"\u27a1\ufe0f\" src=\"https:\/\/static.xx.fbcdn.net\/images\/emoji.php\/v9\/t9e\/1\/16\/27a1.png\">Anatole LEBOURG : 13\u00e8me<\/p>\n\n\n\n<p><img loading=\"lazy\" decoding=\"async\" height=\"16\" width=\"16\" alt=\"\ud83d\udccd\" src=\"https:\/\/static.xx.fbcdn.net\/images\/emoji.php\/v9\/t2d\/1\/16\/1f4cd.png\">D5 Juniors\/S\u00e9niors \u00e0 Coutances<\/p>\n\n\n\n<p><img loading=\"lazy\" decoding=\"async\" height=\"16\" width=\"16\" alt=\"\u27a1\ufe0f\" src=\"https:\/\/static.xx.fbcdn.net\/images\/emoji.php\/v9\/t9e\/1\/16\/27a1.png\">Joffrey BOGAERT : 5\u00e8me<\/p>\n\n\n\n<p><img loading=\"lazy\" decoding=\"async\" height=\"16\" width=\"16\" alt=\"\u27a1\ufe0f\" src=\"https:\/\/static.xx.fbcdn.net\/images\/emoji.php\/v9\/t9e\/1\/16\/27a1.png\">Keryan BOGAERT : 15\u00e8me<\/p>\n\n\n\n<p>Le 3\u00e8me tour du Crit\u00e9rium se disputera les 24 et 25 janvier. 3 joueurs \u00e9volueront en R\u00e9gional \u00e0 Vire : Aristide, Antoine et Rapha\u00ebl.<\/p>\n\n\n\n<figure class=\"wp-block-image size-large\"><img loading=\"lazy\" decoding=\"async\" width=\"1024\" height=\"768\" src=\"https:\/\/attducey-avranches.fr\/wp-content\/uploads\/2025\/11\/589412539_4146203838979670_8783073855463419709_n-1024x768.jpg\" alt=\"\" class=\"wp-image-1354\" srcset=\"https:\/\/attducey-avranches.fr\/wp-content\/uploads\/2025\/11\/589412539_4146203838979670_8783073855463419709_n-1024x768.jpg 1024w, https:\/\/attducey-avranches.fr\/wp-content\/uploads\/2025\/11\/589412539_4146203838979670_8783073855463419709_n-300x225.jpg 300w, https:\/\/attducey-avranches.fr\/wp-content\/uploads\/2025\/11\/589412539_4146203838979670_8783073855463419709_n-768x576.jpg 768w, https:\/\/attducey-avranches.fr\/wp-content\/uploads\/2025\/11\/589412539_4146203838979670_8783073855463419709_n-1536x1152.jpg 1536w, https:\/\/attducey-avranches.fr\/wp-content\/uploads\/2025\/11\/589412539_4146203838979670_8783073855463419709_n.jpg 2000w\" sizes=\"auto, (max-width: 1024px) 100vw, 1024px\" \/><\/figure>\n\n\n\n<p><\/p>\n\n\n\n<div data-wp-interactive=\"core\/file\" class=\"wp-block-file\"><object data-wp-bind--hidden=\"!state.hasPdfPreview\" hidden class=\"wp-block-file__embed\" data=\"https:\/\/attducey-avranches.fr\/wp-content\/uploads\/2025\/11\/cf.pdf\" type=\"application\/pdf\" style=\"width:100%;height:480px\" aria-label=\"Contenu embarqu\u00e9 cf.\"><\/object><a id=\"wp-block-file--media-40d1eda0-cf89-4fd8-93c4-1fb36567e2c5\" href=\"https:\/\/attducey-avranches.fr\/wp-content\/uploads\/2025\/11\/cf.pdf\">cf<\/a><a href=\"https:\/\/attducey-avranches.fr\/wp-content\/uploads\/2025\/11\/cf.pdf\" class=\"wp-block-file__button wp-element-button\" download aria-describedby=\"wp-block-file--media-40d1eda0-cf89-4fd8-93c4-1fb36567e2c5\">T\u00e9l\u00e9charger<\/a><\/div>\n\n\n\n<p class=\"has-secondary-color has-text-color has-link-color has-large-font-size wp-elements-d2b7f7e7db4ece5cb24e7e149ad2d85c\">Circuit Jeunes<\/p>\n\n\n\n<p><img loading=\"lazy\" decoding=\"async\" height=\"16\" width=\"16\" src=\"https:\/\/static.xx.fbcdn.net\/images\/emoji.php\/v9\/tef\/1\/16\/1f535.png\" alt=\"\ud83d\udd35\"><img loading=\"lazy\" decoding=\"async\" height=\"16\" width=\"16\" src=\"https:\/\/static.xx.fbcdn.net\/images\/emoji.php\/v9\/t8d\/1\/16\/26aa.png\" alt=\"\u26aa\ufe0f\"> Ce dimanche \u00e0 Saint Hilaire du Harcou\u00ebt, se d\u00e9roulait la derni\u00e8re comp\u00e9tition de l&rsquo;ann\u00e9e 2025 avec le 2\u00e8me tour du Circuit des Jeunes. 20 jeunes du club y participaient et 5 remportent une belle m\u00e9daille.<\/p>\n\n\n\n<p><img loading=\"lazy\" decoding=\"async\" height=\"16\" width=\"16\" alt=\"\ud83d\udd38\" src=\"https:\/\/static.xx.fbcdn.net\/images\/emoji.php\/v9\/t72\/1\/16\/1f538.png\">Tableau Benjamins :<\/p>\n\n\n\n<p><img loading=\"lazy\" decoding=\"async\" height=\"16\" width=\"16\" alt=\"\u27a1\ufe0f\" src=\"https:\/\/static.xx.fbcdn.net\/images\/emoji.php\/v9\/t9e\/1\/16\/27a1.png\"> Gabriel <a href=\"https:\/\/www.facebook.com\/rico.ruault?__cft__[0]=AZa2R4vIp2c6ER-ebcHnm6oI6F3OsttFkU3EsobuzabmKQ9HMKbQlOkJcIq-q_q6hL0POyUr-t0ckbO_x3K9fB2CoBNLD9j1n7lfQejY6OX8d4bzPP09GiTHmRrmY0Ml4SB0LEsHkbtJrWAWu0JloO81MPGFAbMgxUcPSaveotGuSQ&amp;__tn__=-]K-R\">Ruault<\/a> 10\u00e8me<\/p>\n\n\n\n<p><img loading=\"lazy\" decoding=\"async\" height=\"16\" width=\"16\" alt=\"\u27a1\ufe0f\" src=\"https:\/\/static.xx.fbcdn.net\/images\/emoji.php\/v9\/t9e\/1\/16\/27a1.png\"> No\u00eb <a href=\"https:\/\/www.facebook.com\/damien.poirier1?__cft__[0]=AZa2R4vIp2c6ER-ebcHnm6oI6F3OsttFkU3EsobuzabmKQ9HMKbQlOkJcIq-q_q6hL0POyUr-t0ckbO_x3K9fB2CoBNLD9j1n7lfQejY6OX8d4bzPP09GiTHmRrmY0Ml4SB0LEsHkbtJrWAWu0JloO81MPGFAbMgxUcPSaveotGuSQ&amp;__tn__=-]K-R\">Poirier<\/a> 12\u00e8me<\/p>\n\n\n\n<p><img loading=\"lazy\" decoding=\"async\" height=\"16\" width=\"16\" alt=\"\u27a1\ufe0f\" src=\"https:\/\/static.xx.fbcdn.net\/images\/emoji.php\/v9\/t9e\/1\/16\/27a1.png\"> Tony <a href=\"https:\/\/www.facebook.com\/mikael.mahieu?__cft__[0]=AZa2R4vIp2c6ER-ebcHnm6oI6F3OsttFkU3EsobuzabmKQ9HMKbQlOkJcIq-q_q6hL0POyUr-t0ckbO_x3K9fB2CoBNLD9j1n7lfQejY6OX8d4bzPP09GiTHmRrmY0Ml4SB0LEsHkbtJrWAWu0JloO81MPGFAbMgxUcPSaveotGuSQ&amp;__tn__=-]K-R\">Mahieu<\/a> 13\u00e8me<\/p>\n\n\n\n<p><img loading=\"lazy\" decoding=\"async\" height=\"16\" width=\"16\" alt=\"\u27a1\ufe0f\" src=\"https:\/\/static.xx.fbcdn.net\/images\/emoji.php\/v9\/t9e\/1\/16\/27a1.png\"> Simon Bazin 15\u00e8me<\/p>\n\n\n\n<p><img loading=\"lazy\" decoding=\"async\" height=\"16\" width=\"16\" alt=\"\u27a1\ufe0f\" src=\"https:\/\/static.xx.fbcdn.net\/images\/emoji.php\/v9\/t9e\/1\/16\/27a1.png\"> Sawyer Quesnel 18\u00e8me<\/p>\n\n\n\n<p><img loading=\"lazy\" decoding=\"async\" height=\"16\" width=\"16\" alt=\"\ud83d\udd38\" src=\"https:\/\/static.xx.fbcdn.net\/images\/emoji.php\/v9\/t72\/1\/16\/1f538.png\">Tableau Minimes D1 :<\/p>\n\n\n\n<p><img loading=\"lazy\" decoding=\"async\" height=\"16\" width=\"16\" alt=\"\u27a1\ufe0f\" src=\"https:\/\/static.xx.fbcdn.net\/images\/emoji.php\/v9\/t9e\/1\/16\/27a1.png\"> Kande Lema\u00eetre 3\u00e8me <img loading=\"lazy\" decoding=\"async\" height=\"16\" width=\"16\" alt=\"\ud83e\udd48\" src=\"https:\/\/static.xx.fbcdn.net\/images\/emoji.php\/v9\/t15\/1\/16\/1f948.png\"><\/p>\n\n\n\n<p><img loading=\"lazy\" decoding=\"async\" height=\"16\" width=\"16\" alt=\"\u27a1\ufe0f\" src=\"https:\/\/static.xx.fbcdn.net\/images\/emoji.php\/v9\/t9e\/1\/16\/27a1.png\"> Alexandre <a href=\"https:\/\/www.facebook.com\/profile.php?id=100091126282648&amp;__cft__[0]=AZa2R4vIp2c6ER-ebcHnm6oI6F3OsttFkU3EsobuzabmKQ9HMKbQlOkJcIq-q_q6hL0POyUr-t0ckbO_x3K9fB2CoBNLD9j1n7lfQejY6OX8d4bzPP09GiTHmRrmY0Ml4SB0LEsHkbtJrWAWu0JloO81MPGFAbMgxUcPSaveotGuSQ&amp;__tn__=-]K-R\">Muller<\/a> 6\u00e8me<\/p>\n\n\n\n<p>Belle 1\u00e8re m\u00e9daille pour Kande depuis son arriv\u00e9e au club et une tr\u00e8s bonne 6\u00e8me place \u00e9galement pour Alexandre suite \u00e0 sa mont\u00e9e de D2 obtenue au 1er tour.<\/p>\n\n\n\n<p><img loading=\"lazy\" decoding=\"async\" height=\"16\" width=\"16\" alt=\"\ud83d\udd38\" src=\"https:\/\/static.xx.fbcdn.net\/images\/emoji.php\/v9\/t72\/1\/16\/1f538.png\">Tableau Minimes D2 :<\/p>\n\n\n\n<p><img loading=\"lazy\" decoding=\"async\" height=\"16\" width=\"16\" alt=\"\u27a1\ufe0f\" src=\"https:\/\/static.xx.fbcdn.net\/images\/emoji.php\/v9\/t9e\/1\/16\/27a1.png\"> Sohan <a href=\"https:\/\/www.facebook.com\/damien.poirier1?__cft__[0]=AZa2R4vIp2c6ER-ebcHnm6oI6F3OsttFkU3EsobuzabmKQ9HMKbQlOkJcIq-q_q6hL0POyUr-t0ckbO_x3K9fB2CoBNLD9j1n7lfQejY6OX8d4bzPP09GiTHmRrmY0Ml4SB0LEsHkbtJrWAWu0JloO81MPGFAbMgxUcPSaveotGuSQ&amp;__tn__=-]K-R\">Poirier<\/a> 1er <img loading=\"lazy\" decoding=\"async\" height=\"16\" width=\"16\" alt=\"\ud83e\udd47\" src=\"https:\/\/static.xx.fbcdn.net\/images\/emoji.php\/v9\/t94\/1\/16\/1f947.png\"><\/p>\n\n\n\n<p><img loading=\"lazy\" decoding=\"async\" height=\"16\" width=\"16\" alt=\"\u27a1\ufe0f\" src=\"https:\/\/static.xx.fbcdn.net\/images\/emoji.php\/v9\/t9e\/1\/16\/27a1.png\"> Sacha Lericollas 2\u00e8me <img loading=\"lazy\" decoding=\"async\" height=\"16\" width=\"16\" alt=\"\ud83e\udd48\" src=\"https:\/\/static.xx.fbcdn.net\/images\/emoji.php\/v9\/t15\/1\/16\/1f948.png\"><\/p>\n\n\n\n<p><img loading=\"lazy\" decoding=\"async\" height=\"16\" width=\"16\" alt=\"\u27a1\ufe0f\" src=\"https:\/\/static.xx.fbcdn.net\/images\/emoji.php\/v9\/t9e\/1\/16\/27a1.png\"> Lucas Jammes 4\u00e8me<\/p>\n\n\n\n<p><img loading=\"lazy\" decoding=\"async\" height=\"16\" width=\"16\" alt=\"\u27a1\ufe0f\" src=\"https:\/\/static.xx.fbcdn.net\/images\/emoji.php\/v9\/t9e\/1\/16\/27a1.png\"> Oscar Wren 6\u00e8me<\/p>\n\n\n\n<p><img loading=\"lazy\" decoding=\"async\" height=\"16\" width=\"16\" alt=\"\u27a1\ufe0f\" src=\"https:\/\/static.xx.fbcdn.net\/images\/emoji.php\/v9\/t9e\/1\/16\/27a1.png\"> Sohan Deida <a href=\"https:\/\/www.facebook.com\/sabrina.duchene.520?__cft__[0]=AZa2R4vIp2c6ER-ebcHnm6oI6F3OsttFkU3EsobuzabmKQ9HMKbQlOkJcIq-q_q6hL0POyUr-t0ckbO_x3K9fB2CoBNLD9j1n7lfQejY6OX8d4bzPP09GiTHmRrmY0Ml4SB0LEsHkbtJrWAWu0JloO81MPGFAbMgxUcPSaveotGuSQ&amp;__tn__=-]K-R\">Duch\u00eane<\/a> 7\u00e8me<\/p>\n\n\n\n<p><img loading=\"lazy\" decoding=\"async\" height=\"16\" width=\"16\" alt=\"\u27a1\ufe0f\" src=\"https:\/\/static.xx.fbcdn.net\/images\/emoji.php\/v9\/t9e\/1\/16\/27a1.png\"> Mathis Lair 8\u00e8me<\/p>\n\n\n\n<p><img loading=\"lazy\" decoding=\"async\" height=\"16\" width=\"16\" alt=\"\u27a1\ufe0f\" src=\"https:\/\/static.xx.fbcdn.net\/images\/emoji.php\/v9\/t9e\/1\/16\/27a1.png\"> Leyna <a href=\"https:\/\/www.facebook.com\/kallanic?__cft__[0]=AZa2R4vIp2c6ER-ebcHnm6oI6F3OsttFkU3EsobuzabmKQ9HMKbQlOkJcIq-q_q6hL0POyUr-t0ckbO_x3K9fB2CoBNLD9j1n7lfQejY6OX8d4bzPP09GiTHmRrmY0Ml4SB0LEsHkbtJrWAWu0JloO81MPGFAbMgxUcPSaveotGuSQ&amp;__tn__=-]K-R\">Verron<\/a> 14\u00e8me <img loading=\"lazy\" decoding=\"async\" height=\"16\" width=\"16\" alt=\"\ud83e\udd47\" src=\"https:\/\/static.xx.fbcdn.net\/images\/emoji.php\/v9\/t94\/1\/16\/1f947.png\"><img loading=\"lazy\" decoding=\"async\" height=\"16\" width=\"16\" alt=\"\ud83d\udc81\u200d\u2640\ufe0f\" src=\"https:\/\/static.xx.fbcdn.net\/images\/emoji.php\/v9\/tb3\/1\/16\/1f481_200d_2640.png\"><\/p>\n\n\n\n<p><img loading=\"lazy\" decoding=\"async\" height=\"16\" width=\"16\" alt=\"\u27a1\ufe0f\" src=\"https:\/\/static.xx.fbcdn.net\/images\/emoji.php\/v9\/t9e\/1\/16\/27a1.png\"> Tiago Amable 15\u00e8me<\/p>\n\n\n\n<p>Bravo \u00e0 l&rsquo;ensemble des minimes du club et notamment \u00e0 Sohan pour sa victoire juste devant Sacha, d\u00e9j\u00e0 surclass\u00e9 suite \u00e0 sa victoire en Benjamins au 1er tour ! F\u00e9licitations \u00e9galement \u00e0 Leyna, qui obtient la m\u00e9daille d&rsquo;or en terminant 1\u00e8re f\u00e9minine.<\/p>\n\n\n\n<p><img loading=\"lazy\" decoding=\"async\" height=\"16\" width=\"16\" alt=\"\ud83d\udd38\" src=\"https:\/\/static.xx.fbcdn.net\/images\/emoji.php\/v9\/t72\/1\/16\/1f538.png\">Tableau Cadets D1 :<\/p>\n\n\n\n<p><img loading=\"lazy\" decoding=\"async\" height=\"16\" width=\"16\" alt=\"\u27a1\ufe0f\" src=\"https:\/\/static.xx.fbcdn.net\/images\/emoji.php\/v9\/t9e\/1\/16\/27a1.png\"><a href=\"https:\/\/www.facebook.com\/profile.php?id=100092638300833&amp;__cft__[0]=AZa2R4vIp2c6ER-ebcHnm6oI6F3OsttFkU3EsobuzabmKQ9HMKbQlOkJcIq-q_q6hL0POyUr-t0ckbO_x3K9fB2CoBNLD9j1n7lfQejY6OX8d4bzPP09GiTHmRrmY0Ml4SB0LEsHkbtJrWAWu0JloO81MPGFAbMgxUcPSaveotGuSQ&amp;__tn__=-]K-R\">Anatole Lebourg<\/a> 4\u00e8me<\/p>\n\n\n\n<p><img loading=\"lazy\" decoding=\"async\" height=\"16\" width=\"16\" alt=\"\u27a1\ufe0f\" src=\"https:\/\/static.xx.fbcdn.net\/images\/emoji.php\/v9\/t9e\/1\/16\/27a1.png\"><a href=\"https:\/\/www.facebook.com\/profile.php?id=61583150885450&amp;__cft__[0]=AZa2R4vIp2c6ER-ebcHnm6oI6F3OsttFkU3EsobuzabmKQ9HMKbQlOkJcIq-q_q6hL0POyUr-t0ckbO_x3K9fB2CoBNLD9j1n7lfQejY6OX8d4bzPP09GiTHmRrmY0Ml4SB0LEsHkbtJrWAWu0JloO81MPGFAbMgxUcPSaveotGuSQ&amp;__tn__=-]K-R\">Jules Legillon<\/a> 6\u00e8me<\/p>\n\n\n\n<p><img loading=\"lazy\" decoding=\"async\" height=\"16\" width=\"16\" alt=\"\ud83d\udd38\" src=\"https:\/\/static.xx.fbcdn.net\/images\/emoji.php\/v9\/t72\/1\/16\/1f538.png\">Tableau Cadets D2 :<\/p>\n\n\n\n<p><img loading=\"lazy\" decoding=\"async\" height=\"16\" width=\"16\" alt=\"\u27a1\ufe0f\" src=\"https:\/\/static.xx.fbcdn.net\/images\/emoji.php\/v9\/t9e\/1\/16\/27a1.png\"> Nathan <a href=\"https:\/\/www.facebook.com\/paola.lamarche?__cft__[0]=AZa2R4vIp2c6ER-ebcHnm6oI6F3OsttFkU3EsobuzabmKQ9HMKbQlOkJcIq-q_q6hL0POyUr-t0ckbO_x3K9fB2CoBNLD9j1n7lfQejY6OX8d4bzPP09GiTHmRrmY0Ml4SB0LEsHkbtJrWAWu0JloO81MPGFAbMgxUcPSaveotGuSQ&amp;__tn__=-]K-R\">Lamarche<\/a> 2\u00e8me <img loading=\"lazy\" decoding=\"async\" height=\"16\" width=\"16\" alt=\"\ud83e\udd48\" src=\"https:\/\/static.xx.fbcdn.net\/images\/emoji.php\/v9\/t15\/1\/16\/1f948.png\"><\/p>\n\n\n\n<p><img loading=\"lazy\" decoding=\"async\" height=\"16\" width=\"16\" alt=\"\u27a1\ufe0f\" src=\"https:\/\/static.xx.fbcdn.net\/images\/emoji.php\/v9\/t9e\/1\/16\/27a1.png\"> Valentin Leroy 4\u00e8me<\/p>\n\n\n\n<p>Bravo \u00e0 Nathan pour sa belle m\u00e9daille de bronze et \u00e0 Valentin, qui rate de peu le podium<\/p>\n\n\n\n<p><img loading=\"lazy\" decoding=\"async\" height=\"16\" width=\"16\" alt=\"\ud83d\udd38\" src=\"https:\/\/static.xx.fbcdn.net\/images\/emoji.php\/v9\/t72\/1\/16\/1f538.png\">Tableau Cadets D1 (Zone Centre) :<\/p>\n\n\n\n<p><img loading=\"lazy\" decoding=\"async\" height=\"16\" width=\"16\" alt=\"\u27a1\ufe0f\" src=\"https:\/\/static.xx.fbcdn.net\/images\/emoji.php\/v9\/t9e\/1\/16\/27a1.png\"> Rapha\u00ebl <a href=\"https:\/\/www.facebook.com\/titou.lelapinou.9?__cft__[0]=AZa2R4vIp2c6ER-ebcHnm6oI6F3OsttFkU3EsobuzabmKQ9HMKbQlOkJcIq-q_q6hL0POyUr-t0ckbO_x3K9fB2CoBNLD9j1n7lfQejY6OX8d4bzPP09GiTHmRrmY0Ml4SB0LEsHkbtJrWAWu0JloO81MPGFAbMgxUcPSaveotGuSQ&amp;__tn__=-]K-R\">Ruen<\/a> 2\u00e8me <img loading=\"lazy\" decoding=\"async\" height=\"16\" width=\"16\" alt=\"\ud83e\udd48\" src=\"https:\/\/static.xx.fbcdn.net\/images\/emoji.php\/v9\/t15\/1\/16\/1f948.png\"><\/p>\n\n\n\n<p>Egalement surclass\u00e9, Rapha\u00ebl rate de peu le doubl\u00e9, mais remporte tout de m\u00eame une belle m\u00e9daille d&rsquo;argent \u00e0 Saint-Pair\/Mer.<\/p>\n\n\n\n<p>En attendant le 3\u00e8me tour, qui se disputera le dimanche 15 F\u00e9vrier, le club remercie ses encadrants, ainsi que les nombreux parents accompagnants.<\/p>\n\n\n\n<figure class=\"wp-block-image size-large\"><img loading=\"lazy\" decoding=\"async\" width=\"1024\" height=\"769\" src=\"https:\/\/attducey-avranches.fr\/wp-content\/uploads\/2025\/11\/583028139_32406618305651443_8473888851993335871_n-1024x769.jpg\" alt=\"\" class=\"wp-image-1353\" srcset=\"https:\/\/attducey-avranches.fr\/wp-content\/uploads\/2025\/11\/583028139_32406618305651443_8473888851993335871_n-1024x769.jpg 1024w, https:\/\/attducey-avranches.fr\/wp-content\/uploads\/2025\/11\/583028139_32406618305651443_8473888851993335871_n-300x225.jpg 300w, https:\/\/attducey-avranches.fr\/wp-content\/uploads\/2025\/11\/583028139_32406618305651443_8473888851993335871_n-768x577.jpg 768w, https:\/\/attducey-avranches.fr\/wp-content\/uploads\/2025\/11\/583028139_32406618305651443_8473888851993335871_n-1536x1154.jpg 1536w, https:\/\/attducey-avranches.fr\/wp-content\/uploads\/2025\/11\/583028139_32406618305651443_8473888851993335871_n.jpg 2048w\" sizes=\"auto, (max-width: 1024px) 100vw, 1024px\" \/><\/figure>\n\n\n\n<div data-wp-interactive=\"core\/file\" class=\"wp-block-file\"><object data-wp-bind--hidden=\"!state.hasPdfPreview\" hidden class=\"wp-block-file__embed\" data=\"https:\/\/attducey-avranches.fr\/wp-content\/uploads\/2025\/12\/Details.pdf\" type=\"application\/pdf\" style=\"width:100%;height:600px\" aria-label=\"Contenu embarqu\u00e9 D\u00e9tails.\"><\/object><a id=\"wp-block-file--media-b0ee0d28-a4b1-4b9b-948b-b8ebbd7c1822\" href=\"https:\/\/attducey-avranches.fr\/wp-content\/uploads\/2025\/12\/Details.pdf\">D\u00e9tails<\/a><a href=\"https:\/\/attducey-avranches.fr\/wp-content\/uploads\/2025\/12\/Details.pdf\" class=\"wp-block-file__button wp-element-button\" download aria-describedby=\"wp-block-file--media-b0ee0d28-a4b1-4b9b-948b-b8ebbd7c1822\">T\u00e9l\u00e9charger<\/a><\/div>\n","protected":false},"excerpt":{"rendered":"<p>Crit\u00e9rium F\u00e9d\u00e9ral R\u00e9sultats du 2\u00e8me tour du Crit\u00e9rium F\u00e9d\u00e9ral disput\u00e9s ce week-end par les 30 joueurs de l&rsquo;ATT engag\u00e9s ! R\u00e9gionale Minimes au Havre (76) Aristide ROC : 5\u00e8me Rapha\u00ebl RUEN : 11\u00e8me Une seule d\u00e9faite en 1\/4 pour Aristide contre N. Daleau, sa b\u00eate noire. Belle journ\u00e9e pour Rapha\u00ebl avec une 11\u00e8me place, qui [&hellip;]<\/p>\n","protected":false},"author":2,"featured_media":0,"parent":239,"menu_order":3,"comment_status":"closed","ping_status":"closed","template":"","meta":{"footnotes":""},"class_list":["post-274","page","type-page","status-publish","hentry"],"jetpack-related-posts":[{"id":386,"url":"https:\/\/attducey-avranches.fr\/index.php\/organisations\/criterium-federal-n2-ducey\/","url_meta":{"origin":274,"position":0},"title":"Crit\u00e9rium F\u00e9d\u00e9ral N2 Ducey &#8211; 1er tour 2022-2023","author":"J\u00e9r\u00e9my Gloria","date":"19 juillet 2022","format":false,"excerpt":"Le 1er tour du Crit\u00e9rium F\u00e9d\u00e9ral N2 (zone 6) se d\u00e9roule les 15 et 16 octobre 2022 \u00e0 Ducey-Les Ch\u00e9ris (50). Vous trouverez ci-apr\u00e8s l\u2019ensemble des documents utiles pour le suivi de la comp\u00e9tition. Convocation et horaire g\u00e9n\u00e9ral au format PDFListe des joueurs -15, -13 et -11 (samedi) en PDFListe\u2026","rel":"","context":"Article similaire","block_context":{"text":"Article similaire","link":""},"img":{"alt_text":"","src":"https:\/\/i0.wp.com\/attducey-avranches.fr\/wp-content\/uploads\/2022\/06\/Complexe_Rene_Hardy_Ducey_Les_Cheris_2_web-150x150.jpg?resize=350%2C200&ssl=1","width":350,"height":200},"classes":[]},{"id":751,"url":"https:\/\/attducey-avranches.fr\/index.php\/archives\/saison-2022-2023\/","url_meta":{"origin":274,"position":1},"title":"Saison 2022-2023","author":"J\u00e9r\u00e9my Gloria","date":"8 septembre 2023","format":false,"excerpt":"Les compos de l'\u00e9poque equipes 2022-2023 P1T\u00e9l\u00e9charger equipes 2022-2023 P2T\u00e9l\u00e9charger Les stats de l'\u00e9poque Stats 2022-2023T\u00e9l\u00e9charger ProgressionsT\u00e9l\u00e9charger PerfsT\u00e9l\u00e9charger Invincibilit\u00e9T\u00e9l\u00e9charger Les r\u00e9sultats individuels de l'\u00e9poque R\u00e9sultats CF CircuitT\u00e9l\u00e9charger On avait pas chom\u00e9... On avait parl\u00e9 de nous... Actu'Ping 50 - Crit\u00e9rium F\u00e9d\u00e9ral - 15 octobre 2022T\u00e9l\u00e9charger","rel":"","context":"Article similaire","block_context":{"text":"Article similaire","link":""},"img":{"alt_text":"","src":"https:\/\/i0.wp.com\/attducey-avranches.fr\/wp-content\/uploads\/2022\/10\/Affiche.jpg?resize=350%2C200&ssl=1","width":350,"height":200,"srcset":"https:\/\/i0.wp.com\/attducey-avranches.fr\/wp-content\/uploads\/2022\/10\/Affiche.jpg?resize=350%2C200&ssl=1 1x, https:\/\/i0.wp.com\/attducey-avranches.fr\/wp-content\/uploads\/2022\/10\/Affiche.jpg?resize=525%2C300&ssl=1 1.5x"},"classes":[]},{"id":16,"url":"https:\/\/attducey-avranches.fr\/index.php\/infos-pratiques\/347-2\/finales-federales-par-classement\/","url_meta":{"origin":274,"position":2},"title":"Finales f\u00e9d\u00e9rales par classement 2022","author":"J\u00e9r\u00e9my Gloria","date":"22 juin 2022","format":false,"excerpt":"Les finales f\u00e9d\u00e9rales par classement se sont d\u00e9roul\u00e9es les 25 et 26 juin 2022 \u00e0 Ducey-Les Ch\u00e9ris (50). Vous trouverez ci-apr\u00e8s l'ensemble des documents utiles pour le suivi de la comp\u00e9tition. Listes des joueurs au format Excel L'horaire g\u00e9n\u00e9ral de la comp\u00e9tition en PDFLe dossier d'accueil Ducey les Ch\u00e9ris en\u2026","rel":"","context":"Article similaire","block_context":{"text":"Article similaire","link":""},"img":{"alt_text":"","src":"https:\/\/i0.wp.com\/attducey-avranches.fr\/wp-content\/uploads\/2022\/06\/facebook_1655466206098_69435285301055785501689-150x150.jpg?resize=350%2C200&ssl=1","width":350,"height":200,"srcset":"https:\/\/i0.wp.com\/attducey-avranches.fr\/wp-content\/uploads\/2022\/06\/facebook_1655466206098_69435285301055785501689-150x150.jpg?resize=350%2C200&ssl=1 1x, https:\/\/i0.wp.com\/attducey-avranches.fr\/wp-content\/uploads\/2022\/06\/facebook_1655466206098_69435285301055785501689-150x150.jpg?resize=525%2C300&ssl=1 1.5x, https:\/\/i0.wp.com\/attducey-avranches.fr\/wp-content\/uploads\/2022\/06\/facebook_1655466206098_69435285301055785501689-150x150.jpg?resize=700%2C400&ssl=1 2x, https:\/\/i0.wp.com\/attducey-avranches.fr\/wp-content\/uploads\/2022\/06\/facebook_1655466206098_69435285301055785501689-150x150.jpg?resize=1050%2C600&ssl=1 3x"},"classes":[]},{"id":356,"url":"https:\/\/attducey-avranches.fr\/index.php\/infos-pratiques\/356-2\/","url_meta":{"origin":274,"position":3},"title":"Merci \u00e0 nos soutiens !","author":"J\u00e9r\u00e9my Gloria","date":"18 juillet 2022","format":false,"excerpt":"MERCI A NOS SOUTIENS ! YY Les partenaires priv\u00e9s Partenaire mat\u00e9riel TT YY Partenaires boissons YY Partenaires consommables lors des manifestations YY Partenaire maillots (championnat par \u00e9quipes adultes et jeunes en comp\u00e9titions) YY Partenaire maillots (championnat par \u00e9quipes adultes) YY Partenaire sonorisation lors des manifestations YY Partenaire maillot jeunes et\u2026","rel":"","context":"Article similaire","block_context":{"text":"Article similaire","link":""},"img":{"alt_text":"","src":"https:\/\/i0.wp.com\/attducey-avranches.fr\/wp-content\/uploads\/2022\/07\/logo-fftt-150x150.png?resize=350%2C200&ssl=1","width":350,"height":200},"classes":[]}],"jetpack_sharing_enabled":true,"_links":{"self":[{"href":"https:\/\/attducey-avranches.fr\/index.php\/wp-json\/wp\/v2\/pages\/274","targetHints":{"allow":["GET"]}}],"collection":[{"href":"https:\/\/attducey-avranches.fr\/index.php\/wp-json\/wp\/v2\/pages"}],"about":[{"href":"https:\/\/attducey-avranches.fr\/index.php\/wp-json\/wp\/v2\/types\/page"}],"author":[{"embeddable":true,"href":"https:\/\/attducey-avranches.fr\/index.php\/wp-json\/wp\/v2\/users\/2"}],"replies":[{"embeddable":true,"href":"https:\/\/attducey-avranches.fr\/index.php\/wp-json\/wp\/v2\/comments?post=274"}],"version-history":[{"count":29,"href":"https:\/\/attducey-avranches.fr\/index.php\/wp-json\/wp\/v2\/pages\/274\/revisions"}],"predecessor-version":[{"id":1395,"href":"https:\/\/attducey-avranches.fr\/index.php\/wp-json\/wp\/v2\/pages\/274\/revisions\/1395"}],"up":[{"embeddable":true,"href":"https:\/\/attducey-avranches.fr\/index.php\/wp-json\/wp\/v2\/pages\/239"}],"wp:attachment":[{"href":"https:\/\/attducey-avranches.fr\/index.php\/wp-json\/wp\/v2\/media?parent=274"}],"curies":[{"name":"wp","href":"https:\/\/api.w.org\/{rel}","templated":true}]}}