{"id":228,"date":"2022-07-15T09:22:05","date_gmt":"2022-07-15T07:22:05","guid":{"rendered":"https:\/\/attducey-avranches.fr\/?page_id=228"},"modified":"2025-10-28T12:29:16","modified_gmt":"2025-10-28T11:29:16","slug":"inscriptions-2022-2023","status":"publish","type":"page","link":"https:\/\/attducey-avranches.fr\/","title":{"rendered":"Inscriptions 2025-2026"},"content":{"rendered":"\n<div class=\"wp-block-cover alignwide is-light\" style=\"min-height:156px;aspect-ratio:unset;\"><img decoding=\"async\" class=\"wp-block-cover__image-background wp-image-954\" alt=\"\" src=\"https:\/\/orvaultsporttennisdetable.files.wordpress.com\/2021\/03\/banniere-accueil-petite-3.png?resize=750%2C156\" data-object-fit=\"cover\"\/><span aria-hidden=\"true\" class=\"wp-block-cover__background has-background-dim\"><\/span><div class=\"wp-block-cover__inner-container is-layout-flow wp-block-cover-is-layout-flow\">\n<p class=\"has-text-align-center has-background-color has-text-color has-x-large-font-size\" style=\"line-height:1.5\">INSCRIPTIONS<\/p>\n<\/div><\/div>\n\n\n\n<p>Nous avons le plaisir de vous informer que les inscriptions pour cette nouvelle saison sont ouvertes ! Vous trouverez toutes les informations plus bas, nous serions ravis de vous accueillir au sein du club !<\/p>\n\n\n\n<p><\/p>\n\n\n\n<p><strong>D\u00e9j\u00e0 licenci\u00e9 la saison derni\u00e8re ? Vous pouvez faire votre renouvellement de licence sur notre nouvelle plateforme :<\/strong><\/p>\n\n\n\n<p><a href=\"https:\/\/app.gestion-ping.fr\/dl\/clubs\/s\/854878\/r\/X.mxeOGlTFyFs9upntVRrw\">https:\/\/app.gestion-ping.fr\/dl\/clubs\/s\/854878\/r\/X.mxeOGlTFyFs9upntVRrw<\/a><\/p>\n\n\n\n<figure class=\"wp-block-pullquote has-background-color has-text-color has-small-font-size\" style=\"border-style:solid\"><blockquote><p><strong><mark style=\"background-color:rgba(0, 0, 0, 0)\" class=\"has-inline-color has-background-color\">Documents \u00e0 fournir<\/mark><\/strong><\/p><\/blockquote><\/figure>\n\n\n\n<div class=\"wp-block-buttons alignwide is-content-justification-center is-layout-flex wp-container-core-buttons-is-layout-72caf8c6 wp-block-buttons-is-layout-flex\">\n<div class=\"wp-block-button has-custom-width wp-block-button__width-75 is-style-outline is-style-outline--1\"><a class=\"wp-block-button__link has-secondary-color has-primary-background-color has-text-color has-background has-medium-font-size has-custom-font-size wp-element-button\" href=\"https:\/\/attducey-avranches.fr\/wp-content\/uploads\/2025\/10\/25-2-licence.pdf\" style=\"border-radius:50px\" target=\"_blank\" rel=\"noreferrer noopener\"><strong><mark style=\"background-color:rgba(0, 0, 0, 0)\" class=\"has-inline-color has-secondary-color\">Fiche d&rsquo;adh\u00e9sion<\/mark><\/strong><\/a><\/div>\n\n\n\n<div class=\"wp-block-button has-custom-width wp-block-button__width-75 is-style-outline is-style-outline--2\"><a class=\"wp-block-button__link has-secondary-color has-text-color wp-element-button\" href=\"https:\/\/attducey-avranches.fr\/wp-content\/uploads\/2025\/10\/25-10-1-autoquestionnaire-medical-majeur.pdf\" style=\"border-radius:50px\" target=\"_blank\" rel=\"noreferrer noopener\"><strong><mark style=\"background-color:rgba(0, 0, 0, 0)\" class=\"has-inline-color has-secondary-color\">Auto-questionnaire (majeur)<\/mark><\/strong><\/a><\/div>\n\n\n\n<div class=\"wp-block-button has-custom-width wp-block-button__width-75 is-style-outline is-style-outline--3\"><a class=\"wp-block-button__link has-secondary-color has-text-color wp-element-button\" href=\"https:\/\/attducey-avranches.fr\/wp-content\/uploads\/2025\/10\/25-10-2-autoquestionnaire-medical-mineur.pdf\" style=\"border-radius:50px\" target=\"_blank\" rel=\"noreferrer noopener\"><strong><mark style=\"background-color:rgba(0, 0, 0, 0)\" class=\"has-inline-color has-secondary-color\">Auto-questionnaire (mineur)<\/mark><\/strong><\/a><\/div>\n<\/div>\n\n\n\n<p><\/p>\n\n\n\n<p>Ces documents sont \u00e0 transmettre par mail ou en main propre \u00e0 :<\/p>\n\n\n\n<ul class=\"wp-block-list\">\n<li>J\u00e9r\u00e9my Gloria pour les s\u00e9niors : jeremygloria@hotmail.fr<\/li>\n\n\n\n<li>Michel Gu\u00e9zet pour les jeunes : guezet.michel@wanadoo.fr<\/li>\n<\/ul>\n\n\n\n<p><\/p>\n\n\n\n<p>Tarifs licences 2025-2026 :<\/p>\n\n\n\n<ul class=\"wp-block-list\">\n<li>S\u00e9niors comp\u00e9titions : 90 \u20ac (130 \u20ac avec veste\/sweat d&rsquo;entrainement du club)<\/li>\n\n\n\n<li>Jeunes : 85 \u20ac (120 \u20ac avec veste\/sweat d&rsquo;entrainement du club)<\/li>\n\n\n\n<li>Loisirs sans comp\u00e9tition : 65 \u20ac (110 \u20ac avec veste\/sweat d&rsquo;entrainement du club)<\/li>\n\n\n\n<li>Entrainements \u00ab\u00a0hors club\u00a0\u00bb : 60 \u20ac<\/li>\n<\/ul>\n\n\n\n<p><mark style=\"background-color:rgba(0, 0, 0, 0)\" class=\"has-inline-color has-primary-color\">yy<\/mark><\/p>\n\n\n\n<figure class=\"wp-block-pullquote\"><blockquote><p><strong><mark style=\"background-color:rgba(0, 0, 0, 0)\" class=\"has-inline-color has-background-color\">Pour tous renseignements compl\u00e9mentaires<\/mark><\/strong><\/p><\/blockquote><\/figure>\n\n\n\n<p>Contact :<\/p>\n\n\n\n<ul class=\"wp-block-list\">\n<li>J\u00e9r\u00e9my Gloria (Pr\u00e9sident) au 06.38.81.85.95 ou jeremygloria@hotmail.fr<\/li>\n\n\n\n<li>Pascal Gerbout (Vice-pr\u00e9sident) au 06.81.61.33.38 ou pascal.gerbout@orange.fr<\/li>\n<\/ul>\n","protected":false},"excerpt":{"rendered":"<p>Nous avons le plaisir de vous informer que les inscriptions pour cette nouvelle saison sont ouvertes ! Vous trouverez toutes les informations plus bas, nous serions ravis de vous accueillir au sein du club ! D\u00e9j\u00e0 licenci\u00e9 la saison derni\u00e8re ? Vous pouvez faire votre renouvellement de licence sur notre nouvelle plateforme : https:\/\/app.gestion-ping.fr\/dl\/clubs\/s\/854878\/r\/X.mxeOGlTFyFs9upntVRrw Documents [&hellip;]<\/p>\n","protected":false},"author":2,"featured_media":0,"parent":215,"menu_order":2,"comment_status":"closed","ping_status":"closed","template":"","meta":{"footnotes":""},"class_list":["post-228","page","type-page","status-publish","hentry"],"jetpack-related-posts":[{"id":330,"url":"https:\/\/attducey-avranches.fr\/index.php\/tournoi-corpo\/","url_meta":{"origin":228,"position":0},"title":"Tournoi Corpo","author":"J\u00e9r\u00e9my Gloria","date":"15 juillet 2022","format":false,"excerpt":"Retrouvez toutes les informations concernant le tournoi inter-entreprises 2026 R\u00e9glement et inscriptions Lettre reprise tournoi 2026T\u00e9l\u00e9charger YY R\u00e9sultats Tableau final principalT\u00e9l\u00e9charger Tableau final compl\u00e9mentaireT\u00e9l\u00e9charger AB POST remporte le tournoi inter-entreprises 2022 !","rel":"","context":"Article similaire","block_context":{"text":"Article similaire","link":""},"img":{"alt_text":"","src":"https:\/\/i0.wp.com\/attducey-avranches.fr\/wp-content\/uploads\/2022\/07\/279700436_7460779833995302_7056679787076959918_n.jpg?resize=350%2C200&ssl=1","width":350,"height":200,"srcset":"https:\/\/i0.wp.com\/attducey-avranches.fr\/wp-content\/uploads\/2022\/07\/279700436_7460779833995302_7056679787076959918_n.jpg?resize=350%2C200&ssl=1 1x, https:\/\/i0.wp.com\/attducey-avranches.fr\/wp-content\/uploads\/2022\/07\/279700436_7460779833995302_7056679787076959918_n.jpg?resize=525%2C300&ssl=1 1.5x, https:\/\/i0.wp.com\/attducey-avranches.fr\/wp-content\/uploads\/2022\/07\/279700436_7460779833995302_7056679787076959918_n.jpg?resize=700%2C400&ssl=1 2x"},"classes":[]},{"id":215,"url":"https:\/\/attducey-avranches.fr\/index.php\/le-club\/","url_meta":{"origin":228,"position":1},"title":"LE CLUB","author":"J\u00e9r\u00e9my Gloria","date":"13 juillet 2022","format":false,"excerpt":"Inscriptions 2022-2023 Historique Le bureau Statuts","rel":"","context":"Article similaire","block_context":{"text":"Article similaire","link":""},"img":{"alt_text":"","src":"","width":0,"height":0},"classes":[]},{"id":305,"url":"https:\/\/attducey-avranches.fr\/index.php\/organisations\/tournoi-national-ducey-2022\/","url_meta":{"origin":228,"position":2},"title":"Tournoi National Ducey 2026","author":"J\u00e9r\u00e9my Gloria","date":"15 juillet 2022","format":false,"excerpt":"La 48e \u00e9dition du Tournoi National de Ducey s'est d\u00e9roul\u00e9 le Vendredi 1er Mai 2026 \u00e0 Ducey-Les Ch\u00e9ris (50) Vous trouverez ci-apr\u00e8s l'ensemble des documents utiles pour le suivi de la comp\u00e9tition. Le r\u00e8glement du tournoi avec les dotations par tableau en PDF La feuille d'inscriptions en PDF La liste\u2026","rel":"","context":"Article similaire","block_context":{"text":"Article similaire","link":""},"img":{"alt_text":"","src":"https:\/\/i0.wp.com\/attducey-avranches.fr\/wp-content\/uploads\/2026\/02\/affiche-tournoi-2026-version-2.jpg?resize=350%2C200&ssl=1","width":350,"height":200,"srcset":"https:\/\/i0.wp.com\/attducey-avranches.fr\/wp-content\/uploads\/2026\/02\/affiche-tournoi-2026-version-2.jpg?resize=350%2C200&ssl=1 1x, https:\/\/i0.wp.com\/attducey-avranches.fr\/wp-content\/uploads\/2026\/02\/affiche-tournoi-2026-version-2.jpg?resize=525%2C300&ssl=1 1.5x, https:\/\/i0.wp.com\/attducey-avranches.fr\/wp-content\/uploads\/2026\/02\/affiche-tournoi-2026-version-2.jpg?resize=700%2C400&ssl=1 2x, https:\/\/i0.wp.com\/attducey-avranches.fr\/wp-content\/uploads\/2026\/02\/affiche-tournoi-2026-version-2.jpg?resize=1050%2C600&ssl=1 3x"},"classes":[]},{"id":1357,"url":"https:\/\/attducey-avranches.fr\/index.php\/coupe-att-2025-2026\/","url_meta":{"origin":228,"position":3},"title":"Coupe ATT 2025-2026","author":"J\u00e9r\u00e9my Gloria","date":"25 novembre 2025","format":false,"excerpt":"La Coupe ATT est une nouvelle comp\u00e9tition interne organis\u00e9e par l\u2019ATT Ducey Avranches. Elle a pour but de rassembler les joueurs du club autour d\u2019un esprit de convivialit\u00e9, de partage et de sportivit\u00e9, tout en proposant des rencontres \u00e9quilibr\u00e9es et disput\u00e9es. -> R\u00e8glement -> Poules et r\u00e9sultats -> Tableau final","rel":"","context":"Article similaire","block_context":{"text":"Article similaire","link":""},"img":{"alt_text":"","src":"","width":0,"height":0},"classes":[]},{"id":342,"url":"https:\/\/attducey-avranches.fr\/index.php\/infos-pratiques\/","url_meta":{"origin":228,"position":4},"title":"INFOS PRATIQUES","author":"J\u00e9r\u00e9my Gloria","date":"18 juillet 2022","format":false,"excerpt":"NOUS CONTACTER YY SECTION LOISIRS YY CALENDRIER 2025-2026 YY LIENS UTILES YY","rel":"","context":"Article similaire","block_context":{"text":"Article similaire","link":""},"img":{"alt_text":"","src":"","width":0,"height":0},"classes":[]},{"id":219,"url":"https:\/\/attducey-avranches.fr\/index.php\/entrainements\/","url_meta":{"origin":228,"position":5},"title":"ENTRAINEMENTS","author":"J\u00e9r\u00e9my Gloria","date":"13 juillet 2022","format":false,"excerpt":"Les cr\u00e9neaux d'entra\u00eenements ont lieu dans 3 salles diff\u00e9rentes : Salle du Lyc\u00e9e Littr\u00e9 situ\u00e9 Bd Pasteur \u00e0 Avranches Gymnase Ren\u00e9 Hardy situ\u00e9 42 Rue Boishue \u00e0 Ducey Salle de Tennis de Table situ\u00e9 Rue du midi \u00e0 Ducey G Gymnase Ren\u00e9 Hardy de Ducey Les s\u00e9ances sont dispens\u00e9s par\u2026","rel":"","context":"Article similaire","block_context":{"text":"Article similaire","link":""},"img":{"alt_text":"","src":"https:\/\/i0.wp.com\/attducey-avranches.fr\/wp-content\/uploads\/2022\/06\/photo-gymnase.jpg?resize=350%2C200&ssl=1","width":350,"height":200,"srcset":"https:\/\/i0.wp.com\/attducey-avranches.fr\/wp-content\/uploads\/2022\/06\/photo-gymnase.jpg?resize=350%2C200&ssl=1 1x, https:\/\/i0.wp.com\/attducey-avranches.fr\/wp-content\/uploads\/2022\/06\/photo-gymnase.jpg?resize=525%2C300&ssl=1 1.5x, https:\/\/i0.wp.com\/attducey-avranches.fr\/wp-content\/uploads\/2022\/06\/photo-gymnase.jpg?resize=700%2C400&ssl=1 2x"},"classes":[]}],"jetpack_sharing_enabled":true,"_links":{"self":[{"href":"https:\/\/attducey-avranches.fr\/index.php\/wp-json\/wp\/v2\/pages\/228","targetHints":{"allow":["GET"]}}],"collection":[{"href":"https:\/\/attducey-avranches.fr\/index.php\/wp-json\/wp\/v2\/pages"}],"about":[{"href":"https:\/\/attducey-avranches.fr\/index.php\/wp-json\/wp\/v2\/types\/page"}],"author":[{"embeddable":true,"href":"https:\/\/attducey-avranches.fr\/index.php\/wp-json\/wp\/v2\/users\/2"}],"replies":[{"embeddable":true,"href":"https:\/\/attducey-avranches.fr\/index.php\/wp-json\/wp\/v2\/comments?post=228"}],"version-history":[{"count":27,"href":"https:\/\/attducey-avranches.fr\/index.php\/wp-json\/wp\/v2\/pages\/228\/revisions"}],"predecessor-version":[{"id":1283,"href":"https:\/\/attducey-avranches.fr\/index.php\/wp-json\/wp\/v2\/pages\/228\/revisions\/1283"}],"up":[{"embeddable":true,"href":"https:\/\/attducey-avranches.fr\/index.php\/wp-json\/wp\/v2\/pages\/215"}],"wp:attachment":[{"href":"https:\/\/attducey-avranches.fr\/index.php\/wp-json\/wp\/v2\/media?parent=228"}],"curies":[{"name":"wp","href":"https:\/\/api.w.org\/{rel}","templated":true}]}}