{"id":223,"date":"2022-07-13T12:41:57","date_gmt":"2022-07-13T10:41:57","guid":{"rendered":"https:\/\/attducey-avranches.fr\/?page_id=223"},"modified":"2025-03-11T12:22:28","modified_gmt":"2025-03-11T11:22:28","slug":"historique","status":"publish","type":"page","link":"https:\/\/attducey-avranches.fr\/index.php\/le-club\/historique\/","title":{"rendered":"Historique"},"content":{"rendered":"\n<ul class=\"wp-block-list\">\n<li><mark style=\"background-color:rgba(0, 0, 0, 0)\" class=\"has-inline-color has-secondary-color\">Pr\u00e9sentation&nbsp;:<\/mark><\/li>\n<\/ul>\n\n\n\n<p>Le club de Tennis de Table Ducey\/Avranches a \u00e9t\u00e9 cr\u00e9\u00e9 en Mai 2018 suite \u00e0 la fusion des clubs de l\u2019ATT Ducey et de l\u2019Entente St Senier\/Avranches.<\/p>\n\n\n\n<p>Il comprend aujourd\u2019hui environ 170 licenci\u00e9s, soit le 2<sup>e<\/sup> total le plus \u00e9lev\u00e9 parmi les 51 clubs de la Manche. 17 personnes composent le conseil d\u2019administration du club et collaborent ensemble pour mener \u00e0 bien le d\u00e9veloppement du club.<\/p>\n\n\n\n<ul class=\"wp-block-list has-secondary-color has-text-color\">\n<li>Projet<mark style=\"background-color:rgba(0, 0, 0, 0)\" class=\"has-inline-color has-secondary-color\">&nbsp;:<\/mark><\/li>\n<\/ul>\n\n\n\n<p>Le club de l&rsquo;ATT Ducey-Avranches ambitionne de faire d\u00e9couvrir la pratique du Tennis de Table au plus grand nombre. Tout d&rsquo;abord aux plus jeunes avec l&rsquo;aide de nos \u00e9ducateurs et b\u00e9n\u00e9voles, qui vont apprendre les bases de la pratique et de la coh\u00e9sion individuelle et collective avant de les amener vers la comp\u00e9tition. Les r\u00e9sultats du projet mis en place \u00e0 la fusion du club portent leur fruit avec la participation de nombreux jeunes aux comp\u00e9titions r\u00e9gionales, voir nationales.<\/p>\n\n\n\n<p>Le club met \u00e9galement en place des cr\u00e9neaux adapt\u00e9s aux loisirs ne souhaitant pas pratiquer le Tennis de Table en comp\u00e9tition et \u00e9galement en collaboration avec les \u00c9tablissements de Travail Prot\u00e9g\u00e9<\/p>\n\n\n\n<p>Enfin, le tournoi corporatif (inter-entreprises) mis en place pour la 46e ann\u00e9e en 2025, permet \u00e0 une vingtaine d&rsquo;\u00e9quipes de se confronter et de se rassembler en dehors du cadre professionnel.<\/p>\n\n\n\n<ul class=\"wp-block-list\">\n<li><mark style=\"background-color:rgba(0, 0, 0, 0)\" class=\"has-inline-color has-secondary-color\">Cat\u00e9gories&nbsp;:<\/mark><\/li>\n<\/ul>\n\n\n\n<p>Dans le souhait d\u2019une association sportive accessible \u00e0 tous, le club permet de faire \u00e9voluer ses licenci\u00e9s dans des groupes de niveau homog\u00e8ne&nbsp;:<\/p>\n\n\n\n<ul class=\"wp-block-list\">\n<li>groupe adultes comp\u00e9tition\u00a0: environ 60 joueurs<\/li>\n\n\n\n<li>groupe jeunes comp\u00e9tition&nbsp;: environ 25 jeunes<\/li>\n\n\n\n<li>groupe jeunes d\u00e9butants&nbsp;: environ 50 jeunes<\/li>\n\n\n\n<li>groupe loisirs sans comp\u00e9tition&nbsp;: environ 50 joueurs<\/li>\n<\/ul>\n\n\n\n<figure class=\"wp-block-image size-full\"><img loading=\"lazy\" decoding=\"async\" width=\"1600\" height=\"899\" src=\"https:\/\/attducey-avranches.fr\/wp-content\/uploads\/2023\/12\/D3S.jpg\" alt=\"\" class=\"wp-image-901\" srcset=\"https:\/\/attducey-avranches.fr\/wp-content\/uploads\/2023\/12\/D3S.jpg 1600w, https:\/\/attducey-avranches.fr\/wp-content\/uploads\/2023\/12\/D3S-300x169.jpg 300w, https:\/\/attducey-avranches.fr\/wp-content\/uploads\/2023\/12\/D3S-1024x575.jpg 1024w, https:\/\/attducey-avranches.fr\/wp-content\/uploads\/2023\/12\/D3S-768x432.jpg 768w, https:\/\/attducey-avranches.fr\/wp-content\/uploads\/2023\/12\/D3S-1536x863.jpg 1536w\" sizes=\"auto, (max-width: 1600px) 100vw, 1600px\" \/><figcaption class=\"wp-element-caption\"><mark style=\"background-color:rgba(0, 0, 0, 0)\" class=\"has-inline-color has-secondary-color\">Quelques-uns de nos comp\u00e9titeurs par \u00e9quipe !<\/mark><\/figcaption><\/figure>\n","protected":false},"excerpt":{"rendered":"<p>Le club de Tennis de Table Ducey\/Avranches a \u00e9t\u00e9 cr\u00e9\u00e9 en Mai 2018 suite \u00e0 la fusion des clubs de l\u2019ATT Ducey et de l\u2019Entente St Senier\/Avranches. Il comprend aujourd\u2019hui environ 170 licenci\u00e9s, soit le 2e total le plus \u00e9lev\u00e9 parmi les 51 clubs de la Manche. 17 personnes composent le conseil d\u2019administration du club [&hellip;]<\/p>\n","protected":false},"author":2,"featured_media":0,"parent":215,"menu_order":1,"comment_status":"closed","ping_status":"closed","template":"","meta":{"footnotes":""},"class_list":["post-223","page","type-page","status-publish","hentry"],"jetpack-related-posts":[{"id":1357,"url":"https:\/\/attducey-avranches.fr\/index.php\/coupe-att-2025-2026\/","url_meta":{"origin":223,"position":0},"title":"Coupe ATT 2025-2026","author":"J\u00e9r\u00e9my Gloria","date":"25 novembre 2025","format":false,"excerpt":"La Coupe ATT est une nouvelle comp\u00e9tition interne organis\u00e9e par l\u2019ATT Ducey Avranches. Elle a pour but de rassembler les joueurs du club autour d\u2019un esprit de convivialit\u00e9, de partage et de sportivit\u00e9, tout en proposant des rencontres \u00e9quilibr\u00e9es et disput\u00e9es. -> R\u00e8glement -> Poules et r\u00e9sultats -> Tableau final","rel":"","context":"Article similaire","block_context":{"text":"Article similaire","link":""},"img":{"alt_text":"","src":"","width":0,"height":0},"classes":[]},{"id":599,"url":"https:\/\/attducey-avranches.fr\/index.php\/infos-pratiques\/section-loisirs\/","url_meta":{"origin":223,"position":1},"title":"Section Loisirs","author":"J\u00e9r\u00e9my Gloria","date":"12 octobre 2022","format":false,"excerpt":"Le club compte une trentaine de joueurs \u00e9voluant en loisirs, sans comp\u00e9tition. Ils sont licenci\u00e9s au club comme les joueurs \u00e9voluant en comp\u00e9tition et donc, possiblement \u00e9galement b\u00e9n\u00e9voles de l'association. Les cr\u00e9neaux d'entrainement sont : le mardi de 19h \u00e0 21h (avec le groupe \"comp\u00e9titions\") au Gymnase Ren\u00e9 Hardy de\u2026","rel":"","context":"Article similaire","block_context":{"text":"Article similaire","link":""},"img":{"alt_text":"","src":"https:\/\/i0.wp.com\/attducey-avranches.fr\/wp-content\/uploads\/2022\/10\/loisirs.jpg?resize=350%2C200&ssl=1","width":350,"height":200,"srcset":"https:\/\/i0.wp.com\/attducey-avranches.fr\/wp-content\/uploads\/2022\/10\/loisirs.jpg?resize=350%2C200&ssl=1 1x, https:\/\/i0.wp.com\/attducey-avranches.fr\/wp-content\/uploads\/2022\/10\/loisirs.jpg?resize=525%2C300&ssl=1 1.5x, https:\/\/i0.wp.com\/attducey-avranches.fr\/wp-content\/uploads\/2022\/10\/loisirs.jpg?resize=700%2C400&ssl=1 2x"},"classes":[]},{"id":694,"url":"https:\/\/attducey-avranches.fr\/index.php\/boutique-att\/","url_meta":{"origin":223,"position":2},"title":"Boutique ATT","author":"J\u00e9r\u00e9my Gloria","date":"26 juin 2023","format":false,"excerpt":"yy\/ En partenariat avec le magasin Sport & co Avranches et la marque JAKO, le club a cr\u00e9\u00e9 sa propre boutique o\u00f9 chacun peut commander et r\u00e9gler directement en ligne. C'est simple, s\u00e9curis\u00e9 et rapide ! N'h\u00e9sitez pas \u00e0 aller faire un tour sur celle-ci : https:\/\/team.jako.fr\/fr\/team\/avenir_tennis_de_table_ducey_avranches\/ YY","rel":"","context":"Article similaire","block_context":{"text":"Article similaire","link":""},"img":{"alt_text":"","src":"https:\/\/i0.wp.com\/attducey-avranches.fr\/wp-content\/uploads\/2023\/06\/Capture.jpg?resize=350%2C200&ssl=1","width":350,"height":200,"srcset":"https:\/\/i0.wp.com\/attducey-avranches.fr\/wp-content\/uploads\/2023\/06\/Capture.jpg?resize=350%2C200&ssl=1 1x, https:\/\/i0.wp.com\/attducey-avranches.fr\/wp-content\/uploads\/2023\/06\/Capture.jpg?resize=525%2C300&ssl=1 1.5x, https:\/\/i0.wp.com\/attducey-avranches.fr\/wp-content\/uploads\/2023\/06\/Capture.jpg?resize=700%2C400&ssl=1 2x, https:\/\/i0.wp.com\/attducey-avranches.fr\/wp-content\/uploads\/2023\/06\/Capture.jpg?resize=1050%2C600&ssl=1 3x"},"classes":[]},{"id":219,"url":"https:\/\/attducey-avranches.fr\/index.php\/entrainements\/","url_meta":{"origin":223,"position":3},"title":"ENTRAINEMENTS","author":"J\u00e9r\u00e9my Gloria","date":"13 juillet 2022","format":false,"excerpt":"Les cr\u00e9neaux d'entra\u00eenements ont lieu dans 3 salles diff\u00e9rentes : Salle du Lyc\u00e9e Littr\u00e9 situ\u00e9 Bd Pasteur \u00e0 Avranches Gymnase Ren\u00e9 Hardy situ\u00e9 42 Rue Boishue \u00e0 Ducey Salle de Tennis de Table situ\u00e9 Rue du midi \u00e0 Ducey G Gymnase Ren\u00e9 Hardy de Ducey Les s\u00e9ances sont dispens\u00e9s par\u2026","rel":"","context":"Article similaire","block_context":{"text":"Article similaire","link":""},"img":{"alt_text":"","src":"https:\/\/i0.wp.com\/attducey-avranches.fr\/wp-content\/uploads\/2022\/06\/photo-gymnase.jpg?resize=350%2C200&ssl=1","width":350,"height":200,"srcset":"https:\/\/i0.wp.com\/attducey-avranches.fr\/wp-content\/uploads\/2022\/06\/photo-gymnase.jpg?resize=350%2C200&ssl=1 1x, https:\/\/i0.wp.com\/attducey-avranches.fr\/wp-content\/uploads\/2022\/06\/photo-gymnase.jpg?resize=525%2C300&ssl=1 1.5x, https:\/\/i0.wp.com\/attducey-avranches.fr\/wp-content\/uploads\/2022\/06\/photo-gymnase.jpg?resize=700%2C400&ssl=1 2x"},"classes":[]},{"id":375,"url":"https:\/\/attducey-avranches.fr\/index.php\/organisations\/challenge-att-2021-2022\/","url_meta":{"origin":223,"position":4},"title":"Challenge ATT 2023-2024","author":"J\u00e9r\u00e9my Gloria","date":"18 juillet 2022","format":false,"excerpt":"L'objectif est de cr\u00e9er une comp\u00e9tition interne sur toute la dur\u00e9e de la saison en faisant participer tous les joueurs du club avec un handicap de points selon le classement de chacun. Les r\u00e9sultats R\u00e8glement \u2013 Tableau des \u00e9carts - Tableau global Matchs disput\u00e9s \u2013 Classement Rencontres \u00e2prement disput\u00e9es entre\u2026","rel":"","context":"Article similaire","block_context":{"text":"Article similaire","link":""},"img":{"alt_text":"","src":"https:\/\/i0.wp.com\/attducey-avranches.fr\/wp-content\/uploads\/2023\/11\/20230912_195800.jpg?resize=350%2C200&ssl=1","width":350,"height":200,"srcset":"https:\/\/i0.wp.com\/attducey-avranches.fr\/wp-content\/uploads\/2023\/11\/20230912_195800.jpg?resize=350%2C200&ssl=1 1x, https:\/\/i0.wp.com\/attducey-avranches.fr\/wp-content\/uploads\/2023\/11\/20230912_195800.jpg?resize=525%2C300&ssl=1 1.5x, https:\/\/i0.wp.com\/attducey-avranches.fr\/wp-content\/uploads\/2023\/11\/20230912_195800.jpg?resize=700%2C400&ssl=1 2x, https:\/\/i0.wp.com\/attducey-avranches.fr\/wp-content\/uploads\/2023\/11\/20230912_195800.jpg?resize=1050%2C600&ssl=1 3x, https:\/\/i0.wp.com\/attducey-avranches.fr\/wp-content\/uploads\/2023\/11\/20230912_195800.jpg?resize=1400%2C800&ssl=1 4x"},"classes":[]},{"id":305,"url":"https:\/\/attducey-avranches.fr\/index.php\/organisations\/tournoi-national-ducey-2022\/","url_meta":{"origin":223,"position":5},"title":"Tournoi National Ducey 2026","author":"J\u00e9r\u00e9my Gloria","date":"15 juillet 2022","format":false,"excerpt":"La 48e \u00e9dition du Tournoi National de Ducey s'est d\u00e9roul\u00e9 le Vendredi 1er Mai 2026 \u00e0 Ducey-Les Ch\u00e9ris (50) Vous trouverez ci-apr\u00e8s l'ensemble des documents utiles pour le suivi de la comp\u00e9tition. Le r\u00e8glement du tournoi avec les dotations par tableau en PDF La feuille d'inscriptions en PDF La liste\u2026","rel":"","context":"Article similaire","block_context":{"text":"Article similaire","link":""},"img":{"alt_text":"","src":"https:\/\/i0.wp.com\/attducey-avranches.fr\/wp-content\/uploads\/2026\/02\/affiche-tournoi-2026-version-2.jpg?resize=350%2C200&ssl=1","width":350,"height":200,"srcset":"https:\/\/i0.wp.com\/attducey-avranches.fr\/wp-content\/uploads\/2026\/02\/affiche-tournoi-2026-version-2.jpg?resize=350%2C200&ssl=1 1x, https:\/\/i0.wp.com\/attducey-avranches.fr\/wp-content\/uploads\/2026\/02\/affiche-tournoi-2026-version-2.jpg?resize=525%2C300&ssl=1 1.5x, https:\/\/i0.wp.com\/attducey-avranches.fr\/wp-content\/uploads\/2026\/02\/affiche-tournoi-2026-version-2.jpg?resize=700%2C400&ssl=1 2x, https:\/\/i0.wp.com\/attducey-avranches.fr\/wp-content\/uploads\/2026\/02\/affiche-tournoi-2026-version-2.jpg?resize=1050%2C600&ssl=1 3x"},"classes":[]}],"jetpack_sharing_enabled":true,"_links":{"self":[{"href":"https:\/\/attducey-avranches.fr\/index.php\/wp-json\/wp\/v2\/pages\/223","targetHints":{"allow":["GET"]}}],"collection":[{"href":"https:\/\/attducey-avranches.fr\/index.php\/wp-json\/wp\/v2\/pages"}],"about":[{"href":"https:\/\/attducey-avranches.fr\/index.php\/wp-json\/wp\/v2\/types\/page"}],"author":[{"embeddable":true,"href":"https:\/\/attducey-avranches.fr\/index.php\/wp-json\/wp\/v2\/users\/2"}],"replies":[{"embeddable":true,"href":"https:\/\/attducey-avranches.fr\/index.php\/wp-json\/wp\/v2\/comments?post=223"}],"version-history":[{"count":9,"href":"https:\/\/attducey-avranches.fr\/index.php\/wp-json\/wp\/v2\/pages\/223\/revisions"}],"predecessor-version":[{"id":1204,"href":"https:\/\/attducey-avranches.fr\/index.php\/wp-json\/wp\/v2\/pages\/223\/revisions\/1204"}],"up":[{"embeddable":true,"href":"https:\/\/attducey-avranches.fr\/index.php\/wp-json\/wp\/v2\/pages\/215"}],"wp:attachment":[{"href":"https:\/\/attducey-avranches.fr\/index.php\/wp-json\/wp\/v2\/media?parent=223"}],"curies":[{"name":"wp","href":"https:\/\/api.w.org\/{rel}","templated":true}]}}