{"id":16,"date":"2022-06-22T15:25:01","date_gmt":"2022-06-22T13:25:01","guid":{"rendered":"https:\/\/attducey-avranches.fr\/?page_id=16"},"modified":"2022-10-07T15:02:31","modified_gmt":"2022-10-07T13:02:31","slug":"finales-federales-par-classement","status":"publish","type":"page","link":"https:\/\/attducey-avranches.fr\/index.php\/infos-pratiques\/347-2\/finales-federales-par-classement\/","title":{"rendered":"Finales f\u00e9d\u00e9rales par classement 2022"},"content":{"rendered":"\n<p>Les finales f\u00e9d\u00e9rales par classement se sont d\u00e9roul\u00e9es les 25 et 26 juin 2022 \u00e0 Ducey-Les Ch\u00e9ris (50).<\/p>\n\n\n\n<figure class=\"wp-block-image size-large\"><img loading=\"lazy\" decoding=\"async\" width=\"724\" height=\"1024\" src=\"https:\/\/attducey-avranches.fr\/wp-content\/uploads\/2022\/06\/AFFICHE-724x1024.jpg\" alt=\"\" class=\"wp-image-10\" srcset=\"https:\/\/attducey-avranches.fr\/wp-content\/uploads\/2022\/06\/AFFICHE-724x1024.jpg 724w, https:\/\/attducey-avranches.fr\/wp-content\/uploads\/2022\/06\/AFFICHE-212x300.jpg 212w, https:\/\/attducey-avranches.fr\/wp-content\/uploads\/2022\/06\/AFFICHE-768x1086.jpg 768w, https:\/\/attducey-avranches.fr\/wp-content\/uploads\/2022\/06\/AFFICHE-1086x1536.jpg 1086w, https:\/\/attducey-avranches.fr\/wp-content\/uploads\/2022\/06\/AFFICHE.jpg 1448w\" sizes=\"auto, (max-width: 724px) 100vw, 724px\" \/><\/figure>\n\n\n\n<p>Vous trouverez ci-apr\u00e8s l&rsquo;ensemble des documents utiles pour le suivi de la comp\u00e9tition.<\/p>\n\n\n\n<ul class=\"wp-block-list\"><li>Listes des joueurs au format  <a rel=\"noreferrer noopener\" href=\"https:\/\/attducey-avranches.fr\/wp-content\/uploads\/2022\/06\/20-Listes_Finales_Classement_2022-06-20.xlsx\" target=\"_blank\"><mark style=\"background-color:rgba(0, 0, 0, 0)\" class=\"has-inline-color has-secondary-color\">Excel<\/mark> <\/a><\/li><li>L&rsquo;horaire g\u00e9n\u00e9ral de la comp\u00e9tition en <a rel=\"noreferrer noopener\" href=\"https:\/\/attducey-avranches.fr\/wp-content\/uploads\/2022\/06\/FFC-HG-2022.pdf\" target=\"_blank\"><mark style=\"background-color:rgba(0, 0, 0, 0)\" class=\"has-inline-color has-secondary-color\">PDF<\/mark><\/a><\/li><li>Le dossier d&rsquo;accueil Ducey les Ch\u00e9ris en <a rel=\"noreferrer noopener\" href=\"https:\/\/attducey-avranches.fr\/wp-content\/uploads\/2022\/06\/Dossier-daccueil-Ducey-les-Cheris-Finales-federales-par-Classement-2022.pdf\" target=\"_blank\"><mark style=\"background-color:rgba(0, 0, 0, 0)\" class=\"has-inline-color has-secondary-color\">PDF<\/mark> <\/a><\/li><\/ul>\n\n\n\n<p><\/p>\n\n\n\n<h2 class=\"wp-block-heading\">Les poules et les tableaux<\/h2>\n\n\n\n<h4 class=\"wp-block-heading\">Hommes<\/h4>\n\n\n\n<p>H8 &lt;900 pts : <a href=\"https:\/\/attducey-avranches.fr\/wp-content\/uploads\/2022\/06\/Resultats-Poules-H8.pdf\">Poules<\/a> &#8211; <a href=\"https:\/\/attducey-avranches.fr\/wp-content\/uploads\/2022\/06\/TED-H8.xls\" target=\"_blank\" rel=\"noreferrer noopener\">Tableau<\/a><\/p>\n\n\n\n<p>H10 &lt;1100 pts : <a rel=\"noreferrer noopener\" href=\"https:\/\/attducey-avranches.fr\/wp-content\/uploads\/2022\/06\/Resultats-Poules-H10.pdf\" target=\"_blank\">Poules<\/a> &#8211; <a href=\"https:\/\/attducey-avranches.fr\/wp-content\/uploads\/2022\/06\/TED-H10.xls\" target=\"_blank\" rel=\"noreferrer noopener\">Tableau<\/a><\/p>\n\n\n\n<p>H12 &lt;1300 pts : <a href=\"https:\/\/attducey-avranches.fr\/wp-content\/uploads\/2022\/06\/Resultats-Poules-H12.pdf\">Poules<\/a> &#8211; <a href=\"https:\/\/attducey-avranches.fr\/wp-content\/uploads\/2022\/06\/TED-H12.xls\" target=\"_blank\" rel=\"noreferrer noopener\">Tableau<\/a><\/p>\n\n\n\n<p>H15 &lt;1600 pts : <a href=\"https:\/\/attducey-avranches.fr\/wp-content\/uploads\/2022\/06\/Resultats-poules-H15.pdf\">Poules<\/a> &#8211; <a href=\"https:\/\/attducey-avranches.fr\/wp-content\/uploads\/2022\/06\/TED-H15.xls\" target=\"_blank\" rel=\"noreferrer noopener\">Tableau<\/a><\/p>\n\n\n\n<h4 class=\"wp-block-heading\">Femmes<\/h4>\n\n\n\n<p>F5 &lt; 600 pts : <a href=\"https:\/\/attducey-avranches.fr\/wp-content\/uploads\/2022\/06\/Resultats-Poules-F5.pdf\">Poules<\/a> &#8211; <a rel=\"noreferrer noopener\" href=\"https:\/\/attducey-avranches.fr\/wp-content\/uploads\/2022\/06\/TED-F5.xls\" target=\"_blank\">Tableau<\/a><\/p>\n\n\n\n<p>F7 &lt; 800 pts : <a href=\"https:\/\/attducey-avranches.fr\/wp-content\/uploads\/2022\/06\/Resultats-Poules-F7.pdf\">Poules<\/a> &#8211; <a rel=\"noreferrer noopener\" href=\"https:\/\/attducey-avranches.fr\/wp-content\/uploads\/2022\/06\/TED-F7.xls\" target=\"_blank\">Tableau<\/a><\/p>\n\n\n\n<p>F9 &lt; 1000 pts : <a href=\"https:\/\/attducey-avranches.fr\/wp-content\/uploads\/2022\/06\/Resultats-Poules-F9.pdf\">Poules<\/a> &#8211; <a href=\"https:\/\/attducey-avranches.fr\/wp-content\/uploads\/2022\/06\/TED-F9.xls\" target=\"_blank\" rel=\"noreferrer noopener\">Tableau<\/a><\/p>\n\n\n\n<p>F12 &lt; 1300 pts : <a href=\"https:\/\/attducey-avranches.fr\/wp-content\/uploads\/2022\/06\/Resultats-Poules-F12.pdf\">Poules<\/a> &#8211; <a href=\"https:\/\/attducey-avranches.fr\/wp-content\/uploads\/2022\/06\/TED-F12.xls\" target=\"_blank\" rel=\"noreferrer noopener\">Tableau<\/a><\/p>\n\n\n\n<p><\/p>\n\n\n\n<figure class=\"wp-block-gallery has-nested-images columns-default is-cropped wp-block-gallery-1 is-layout-flex wp-block-gallery-is-layout-flex\">\n<figure class=\"wp-block-image size-large\"><img loading=\"lazy\" decoding=\"async\" width=\"1080\" height=\"608\" data-id=\"6\" src=\"https:\/\/attducey-avranches.fr\/wp-content\/uploads\/2022\/06\/facebook_1655466206098_69435285301055785501689.jpg\" alt=\"\" class=\"wp-image-6\" srcset=\"https:\/\/attducey-avranches.fr\/wp-content\/uploads\/2022\/06\/facebook_1655466206098_69435285301055785501689.jpg 1080w, https:\/\/attducey-avranches.fr\/wp-content\/uploads\/2022\/06\/facebook_1655466206098_69435285301055785501689-300x169.jpg 300w, https:\/\/attducey-avranches.fr\/wp-content\/uploads\/2022\/06\/facebook_1655466206098_69435285301055785501689-1024x576.jpg 1024w, https:\/\/attducey-avranches.fr\/wp-content\/uploads\/2022\/06\/facebook_1655466206098_69435285301055785501689-768x432.jpg 768w\" sizes=\"auto, (max-width: 1080px) 100vw, 1080px\" \/><figcaption><em><strong>Salle secondaire<\/strong><\/em><\/figcaption><\/figure>\n\n\n\n<figure class=\"wp-block-image size-large\"><img loading=\"lazy\" decoding=\"async\" width=\"960\" height=\"720\" data-id=\"7\" src=\"https:\/\/attducey-avranches.fr\/wp-content\/uploads\/2022\/06\/photo-gymnase.jpg\" alt=\"\" class=\"wp-image-7\" srcset=\"https:\/\/attducey-avranches.fr\/wp-content\/uploads\/2022\/06\/photo-gymnase.jpg 960w, https:\/\/attducey-avranches.fr\/wp-content\/uploads\/2022\/06\/photo-gymnase-300x225.jpg 300w, https:\/\/attducey-avranches.fr\/wp-content\/uploads\/2022\/06\/photo-gymnase-768x576.jpg 768w\" sizes=\"auto, (max-width: 960px) 100vw, 960px\" \/><figcaption><em><strong>Salle principale<\/strong><\/em><\/figcaption><\/figure>\n\n\n\n<figure class=\"wp-block-image size-large\"><img loading=\"lazy\" decoding=\"async\" width=\"400\" height=\"300\" data-id=\"11\" src=\"https:\/\/attducey-avranches.fr\/wp-content\/uploads\/2022\/06\/Complexe_Rene_Hardy_Ducey_Les_Cheris_2_web.jpg\" alt=\"\" class=\"wp-image-11\" srcset=\"https:\/\/attducey-avranches.fr\/wp-content\/uploads\/2022\/06\/Complexe_Rene_Hardy_Ducey_Les_Cheris_2_web.jpg 400w, https:\/\/attducey-avranches.fr\/wp-content\/uploads\/2022\/06\/Complexe_Rene_Hardy_Ducey_Les_Cheris_2_web-300x225.jpg 300w\" sizes=\"auto, (max-width: 400px) 100vw, 400px\" \/><figcaption><em><strong>Gymnase ext\u00e9rieur<\/strong><\/em><\/figcaption><\/figure>\n<\/figure>\n\n\n\n<p class=\"has-background-color has-text-color\"><mark style=\"background-color:rgba(0, 0, 0, 0)\" class=\"has-inline-color has-primary-color\">YY<\/mark><\/p>\n\n\n\n<p>Petit rappel en vid\u00e9o d&rsquo;un magnifique week-end<\/p>\n\n\n\n<figure class=\"wp-block-embed is-type-video is-provider-youtube wp-block-embed-youtube wp-embed-aspect-4-3 wp-has-aspect-ratio\"><div class=\"wp-block-embed__wrapper\">\n<iframe loading=\"lazy\" title=\"championnat de France tennis de table  \ud83c\udfd3\ud83c\udde8\ud83c\uddf5\" width=\"500\" height=\"375\" src=\"https:\/\/www.youtube.com\/embed\/Czwd44R6TN4?feature=oembed\" frameborder=\"0\" allow=\"accelerometer; autoplay; clipboard-write; encrypted-media; gyroscope; picture-in-picture; web-share\" referrerpolicy=\"strict-origin-when-cross-origin\" allowfullscreen><\/iframe>\n<\/div><\/figure>\n","protected":false},"excerpt":{"rendered":"<p>Les finales f\u00e9d\u00e9rales par classement se sont d\u00e9roul\u00e9es les 25 et 26 juin 2022 \u00e0 Ducey-Les Ch\u00e9ris (50). Vous trouverez ci-apr\u00e8s l&rsquo;ensemble des documents utiles pour le suivi de la comp\u00e9tition. Listes des joueurs au format Excel L&rsquo;horaire g\u00e9n\u00e9ral de la comp\u00e9tition en PDF Le dossier d&rsquo;accueil Ducey les Ch\u00e9ris en PDF Les poules et [&hellip;]<\/p>\n","protected":false},"author":2,"featured_media":0,"parent":347,"menu_order":2,"comment_status":"closed","ping_status":"closed","template":"","meta":{"footnotes":""},"class_list":["post-16","page","type-page","status-publish","hentry"],"jetpack-related-posts":[{"id":386,"url":"https:\/\/attducey-avranches.fr\/index.php\/organisations\/criterium-federal-n2-ducey\/","url_meta":{"origin":16,"position":0},"title":"Crit\u00e9rium F\u00e9d\u00e9ral N2 Ducey &#8211; 1er tour 2022-2023","author":"J\u00e9r\u00e9my Gloria","date":"19 juillet 2022","format":false,"excerpt":"Le 1er tour du Crit\u00e9rium F\u00e9d\u00e9ral N2 (zone 6) se d\u00e9roule les 15 et 16 octobre 2022 \u00e0 Ducey-Les Ch\u00e9ris (50). Vous trouverez ci-apr\u00e8s l\u2019ensemble des documents utiles pour le suivi de la comp\u00e9tition. Convocation et horaire g\u00e9n\u00e9ral au format PDFListe des joueurs -15, -13 et -11 (samedi) en PDFListe\u2026","rel":"","context":"Article similaire","block_context":{"text":"Article similaire","link":""},"img":{"alt_text":"","src":"https:\/\/i0.wp.com\/attducey-avranches.fr\/wp-content\/uploads\/2022\/06\/Complexe_Rene_Hardy_Ducey_Les_Cheris_2_web-150x150.jpg?resize=350%2C200&ssl=1","width":350,"height":200},"classes":[]},{"id":274,"url":"https:\/\/attducey-avranches.fr\/index.php\/competitions\/resultats-criterium-federal-et-circuit-jeunes\/","url_meta":{"origin":16,"position":1},"title":"Crit\u00e9rium F\u00e9d\u00e9ral \/ Circuit jeunes","author":"J\u00e9r\u00e9my Gloria","date":"15 juillet 2022","format":false,"excerpt":"Crit\u00e9rium F\u00e9d\u00e9ral R\u00e9sultats du 2\u00e8me tour du Crit\u00e9rium F\u00e9d\u00e9ral disput\u00e9s ce week-end par les 30 joueurs de l'ATT engag\u00e9s ! R\u00e9gionale Minimes au Havre (76) Aristide ROC : 5\u00e8me Rapha\u00ebl RUEN : 11\u00e8me Une seule d\u00e9faite en 1\/4 pour Aristide contre N. Daleau, sa b\u00eate noire. Belle journ\u00e9e pour Rapha\u00ebl\u2026","rel":"","context":"Article similaire","block_context":{"text":"Article similaire","link":""},"img":{"alt_text":"","src":"https:\/\/i0.wp.com\/attducey-avranches.fr\/wp-content\/uploads\/2025\/11\/589412539_4146203838979670_8783073855463419709_n.jpg?resize=350%2C200&ssl=1","width":350,"height":200,"srcset":"https:\/\/i0.wp.com\/attducey-avranches.fr\/wp-content\/uploads\/2025\/11\/589412539_4146203838979670_8783073855463419709_n.jpg?resize=350%2C200&ssl=1 1x, https:\/\/i0.wp.com\/attducey-avranches.fr\/wp-content\/uploads\/2025\/11\/589412539_4146203838979670_8783073855463419709_n.jpg?resize=525%2C300&ssl=1 1.5x, https:\/\/i0.wp.com\/attducey-avranches.fr\/wp-content\/uploads\/2025\/11\/589412539_4146203838979670_8783073855463419709_n.jpg?resize=700%2C400&ssl=1 2x, https:\/\/i0.wp.com\/attducey-avranches.fr\/wp-content\/uploads\/2025\/11\/589412539_4146203838979670_8783073855463419709_n.jpg?resize=1050%2C600&ssl=1 3x, https:\/\/i0.wp.com\/attducey-avranches.fr\/wp-content\/uploads\/2025\/11\/589412539_4146203838979670_8783073855463419709_n.jpg?resize=1400%2C800&ssl=1 4x"},"classes":[]},{"id":375,"url":"https:\/\/attducey-avranches.fr\/index.php\/organisations\/challenge-att-2021-2022\/","url_meta":{"origin":16,"position":2},"title":"Challenge ATT 2023-2024","author":"J\u00e9r\u00e9my Gloria","date":"18 juillet 2022","format":false,"excerpt":"L'objectif est de cr\u00e9er une comp\u00e9tition interne sur toute la dur\u00e9e de la saison en faisant participer tous les joueurs du club avec un handicap de points selon le classement de chacun. Les r\u00e9sultats R\u00e8glement \u2013 Tableau des \u00e9carts - Tableau global Matchs disput\u00e9s \u2013 Classement Rencontres \u00e2prement disput\u00e9es entre\u2026","rel":"","context":"Article similaire","block_context":{"text":"Article similaire","link":""},"img":{"alt_text":"","src":"https:\/\/i0.wp.com\/attducey-avranches.fr\/wp-content\/uploads\/2023\/11\/20230912_195800.jpg?resize=350%2C200&ssl=1","width":350,"height":200,"srcset":"https:\/\/i0.wp.com\/attducey-avranches.fr\/wp-content\/uploads\/2023\/11\/20230912_195800.jpg?resize=350%2C200&ssl=1 1x, https:\/\/i0.wp.com\/attducey-avranches.fr\/wp-content\/uploads\/2023\/11\/20230912_195800.jpg?resize=525%2C300&ssl=1 1.5x, https:\/\/i0.wp.com\/attducey-avranches.fr\/wp-content\/uploads\/2023\/11\/20230912_195800.jpg?resize=700%2C400&ssl=1 2x, https:\/\/i0.wp.com\/attducey-avranches.fr\/wp-content\/uploads\/2023\/11\/20230912_195800.jpg?resize=1050%2C600&ssl=1 3x, https:\/\/i0.wp.com\/attducey-avranches.fr\/wp-content\/uploads\/2023\/11\/20230912_195800.jpg?resize=1400%2C800&ssl=1 4x"},"classes":[]},{"id":751,"url":"https:\/\/attducey-avranches.fr\/index.php\/archives\/saison-2022-2023\/","url_meta":{"origin":16,"position":3},"title":"Saison 2022-2023","author":"J\u00e9r\u00e9my Gloria","date":"8 septembre 2023","format":false,"excerpt":"Les compos de l'\u00e9poque equipes 2022-2023 P1T\u00e9l\u00e9charger equipes 2022-2023 P2T\u00e9l\u00e9charger Les stats de l'\u00e9poque Stats 2022-2023T\u00e9l\u00e9charger ProgressionsT\u00e9l\u00e9charger PerfsT\u00e9l\u00e9charger Invincibilit\u00e9T\u00e9l\u00e9charger Les r\u00e9sultats individuels de l'\u00e9poque R\u00e9sultats CF CircuitT\u00e9l\u00e9charger On avait pas chom\u00e9... On avait parl\u00e9 de nous... Actu'Ping 50 - Crit\u00e9rium F\u00e9d\u00e9ral - 15 octobre 2022T\u00e9l\u00e9charger","rel":"","context":"Article similaire","block_context":{"text":"Article similaire","link":""},"img":{"alt_text":"","src":"https:\/\/i0.wp.com\/attducey-avranches.fr\/wp-content\/uploads\/2022\/10\/Affiche.jpg?resize=350%2C200&ssl=1","width":350,"height":200,"srcset":"https:\/\/i0.wp.com\/attducey-avranches.fr\/wp-content\/uploads\/2022\/10\/Affiche.jpg?resize=350%2C200&ssl=1 1x, https:\/\/i0.wp.com\/attducey-avranches.fr\/wp-content\/uploads\/2022\/10\/Affiche.jpg?resize=525%2C300&ssl=1 1.5x"},"classes":[]},{"id":324,"url":"https:\/\/attducey-avranches.fr\/index.php\/competitions\/coupes\/","url_meta":{"origin":16,"position":4},"title":"Coupe de la Manche 2024-2025","author":"J\u00e9r\u00e9my Gloria","date":"15 juillet 2022","format":false,"excerpt":"3 \u00e9quipes du club \u00e9taient engag\u00e9es cette saison en Coupe de la Manche L'\u00e9quipe 1 \u00e9tait compos\u00e9e de J\u00e9r\u00e9my GLORIA et Joris ANNE. Apr\u00e8s un parcours quasi sans-faute, les 2 joueurs se sont inclin\u00e9es en demi-finales contre JS Carantilly (2-3) ; ils repartent donc avec une belle m\u00e9daille de bronze\u2026","rel":"","context":"Article similaire","block_context":{"text":"Article similaire","link":""},"img":{"alt_text":"","src":"","width":0,"height":0},"classes":[]},{"id":356,"url":"https:\/\/attducey-avranches.fr\/index.php\/infos-pratiques\/356-2\/","url_meta":{"origin":16,"position":5},"title":"Merci \u00e0 nos soutiens !","author":"J\u00e9r\u00e9my Gloria","date":"18 juillet 2022","format":false,"excerpt":"MERCI A NOS SOUTIENS ! YY Les partenaires priv\u00e9s Partenaire mat\u00e9riel TT YY Partenaires boissons YY Partenaires consommables lors des manifestations YY Partenaire maillots (championnat par \u00e9quipes adultes et jeunes en comp\u00e9titions) YY Partenaire maillots (championnat par \u00e9quipes adultes) YY Partenaire sonorisation lors des manifestations YY Partenaire maillot jeunes et\u2026","rel":"","context":"Article similaire","block_context":{"text":"Article similaire","link":""},"img":{"alt_text":"","src":"https:\/\/i0.wp.com\/attducey-avranches.fr\/wp-content\/uploads\/2022\/07\/logo-fftt-150x150.png?resize=350%2C200&ssl=1","width":350,"height":200},"classes":[]}],"jetpack_sharing_enabled":true,"_links":{"self":[{"href":"https:\/\/attducey-avranches.fr\/index.php\/wp-json\/wp\/v2\/pages\/16","targetHints":{"allow":["GET"]}}],"collection":[{"href":"https:\/\/attducey-avranches.fr\/index.php\/wp-json\/wp\/v2\/pages"}],"about":[{"href":"https:\/\/attducey-avranches.fr\/index.php\/wp-json\/wp\/v2\/types\/page"}],"author":[{"embeddable":true,"href":"https:\/\/attducey-avranches.fr\/index.php\/wp-json\/wp\/v2\/users\/2"}],"replies":[{"embeddable":true,"href":"https:\/\/attducey-avranches.fr\/index.php\/wp-json\/wp\/v2\/comments?post=16"}],"version-history":[{"count":105,"href":"https:\/\/attducey-avranches.fr\/index.php\/wp-json\/wp\/v2\/pages\/16\/revisions"}],"predecessor-version":[{"id":424,"href":"https:\/\/attducey-avranches.fr\/index.php\/wp-json\/wp\/v2\/pages\/16\/revisions\/424"}],"up":[{"embeddable":true,"href":"https:\/\/attducey-avranches.fr\/index.php\/wp-json\/wp\/v2\/pages\/347"}],"wp:attachment":[{"href":"https:\/\/attducey-avranches.fr\/index.php\/wp-json\/wp\/v2\/media?parent=16"}],"curies":[{"name":"wp","href":"https:\/\/api.w.org\/{rel}","templated":true}]}}